{"id":506,"date":"2026-04-24T12:08:45","date_gmt":"2026-04-24T12:08:45","guid":{"rendered":"https:\/\/bcorpcoffee.org\/a-propos\/"},"modified":"2026-04-24T16:01:42","modified_gmt":"2026-04-24T16:01:42","slug":"a-propos","status":"publish","type":"page","link":"https:\/\/bcorpcoffee.org\/fr\/a-propos\/","title":{"rendered":"\u00c0 propos"},"content":{"rendered":"<p>[et_pb_section fb_built=&#8221;1&#8243; _builder_version=&#8221;4.27.5&#8243; _module_preset=&#8221;default&#8221; global_colors_info=&#8221;{}&#8221;][et_pb_row _builder_version=&#8221;4.27.5&#8243; _module_preset=&#8221;default&#8221; global_colors_info=&#8221;{}&#8221;][et_pb_column type=&#8221;4_4&#8243; _builder_version=&#8221;4.27.5&#8243; _module_preset=&#8221;default&#8221; global_colors_info=&#8221;{}&#8221;][et_pb_text _builder_version=&#8221;4.27.5&#8243; _module_preset=&#8221;default&#8221; width=&#8221;80%&#8221; width_tablet=&#8221;80%&#8221; width_phone=&#8221;80%&#8221; width_last_edited=&#8221;on|desktop&#8221; module_alignment=&#8221;center&#8221; global_colors_info=&#8221;{}&#8221;]<\/p>\n<h1 style=\"text-align: center;\">Fond\u00e9e par des B Corps du caf\u00e9 \u00e0 travers le monde<\/h1>\n<p>[\/et_pb_text][\/et_pb_column][\/et_pb_row][et_pb_row column_structure=&#8221;1_2,1_2&#8243; _builder_version=&#8221;4.27.5&#8243; _module_preset=&#8221;default&#8221; global_colors_info=&#8221;{}&#8221;][et_pb_column type=&#8221;1_2&#8243; _builder_version=&#8221;4.27.5&#8243; _module_preset=&#8221;default&#8221; global_colors_info=&#8221;{}&#8221;][et_pb_image src=&#8221;https:\/\/bcorpcoffee.org\/wp-content\/uploads\/2026\/02\/RMS_9583.jpg&#8221; title_text=&#8221;RMS_9583&#8243; _builder_version=&#8221;4.27.5&#8243; _module_preset=&#8221;default&#8221; border_radii=&#8221;on|24px|24px|24px|24px&#8221; global_colors_info=&#8221;{}&#8221;][\/et_pb_image][\/et_pb_column][et_pb_column type=&#8221;1_2&#8243; _builder_version=&#8221;4.27.5&#8243; _module_preset=&#8221;default&#8221; global_colors_info=&#8221;{}&#8221;][et_pb_text _builder_version=&#8221;4.27.5&#8243; _module_preset=&#8221;default&#8221; global_colors_info=&#8221;{}&#8221;]<\/p>\n<p><span style=\"font-weight: 400;\">La coalition a \u00e9t\u00e9 initi\u00e9e par un groupe de Certified B Corporations du secteur du caf\u00e9 qui se sont r\u00e9unies pour \u00e9changer des meilleures pratiques et apprendre les unes des autres.<\/span><\/p>\n<p><span style=\"font-weight: 400;\">Ce qui a \u00e9merg\u00e9 de ces premi\u00e8res conversations \u00e9tait une compr\u00e9hension partag\u00e9e que nombre des enjeux qui fa\u00e7onnent le caf\u00e9 aujourd&#8217;hui sont interconnect\u00e9s et syst\u00e9miques, et n\u00e9cessitent une collaboration entre entreprises, r\u00f4les et r\u00e9gions. <\/span><b>So what if coffee B Corps joined forces?<\/b><\/p>\n<p>[\/et_pb_text][\/et_pb_column][\/et_pb_row][et_pb_row _builder_version=&#8221;4.27.5&#8243; _module_preset=&#8221;default&#8221; global_colors_info=&#8221;{}&#8221;][et_pb_column type=&#8221;4_4&#8243; _builder_version=&#8221;4.27.5&#8243; _module_preset=&#8221;default&#8221; global_colors_info=&#8221;{}&#8221;][et_pb_text _builder_version=&#8221;4.27.5&#8243; _module_preset=&#8221;default&#8221; text_font=&#8221;|||on|||||&#8221; text_text_color=&#8221;#DC663C&#8221; text_font_size=&#8221;33px&#8221; text_line_height=&#8221;1.6em&#8221; global_colors_info=&#8221;{}&#8221;]<\/p>\n<p style=\"text-align: center;\"><b>Le r\u00e9sultat est la B Corp Coffee Coalition\u00a0:<br \/><\/b><b>Men\u00e9e par des B Corps, construite par le secteur, pour le secteur.<\/b><\/p>\n<p>[\/et_pb_text][\/et_pb_column][\/et_pb_row][\/et_pb_section][et_pb_section fb_built=&#8221;1&#8243; _builder_version=&#8221;4.27.5&#8243; _module_preset=&#8221;default&#8221; global_colors_info=&#8221;{}&#8221;][et_pb_row _builder_version=&#8221;4.27.5&#8243; _module_preset=&#8221;default&#8221; global_colors_info=&#8221;{}&#8221;][et_pb_column type=&#8221;4_4&#8243; _builder_version=&#8221;4.27.5&#8243; _module_preset=&#8221;default&#8221; global_colors_info=&#8221;{}&#8221;][et_pb_heading title=&#8221;D\u00e9couvrez les membres fondateurs&#8221; _builder_version=&#8221;4.27.5&#8243; _module_preset=&#8221;default&#8221; title_level=&#8221;h2&#8243; title_text_align=&#8221;center&#8221; global_colors_info=&#8221;{}&#8221;][\/et_pb_heading][\/et_pb_column][\/et_pb_row][et_pb_row column_structure=&#8221;1_3,2_3&#8243; _builder_version=&#8221;4.27.5&#8243; _module_preset=&#8221;default&#8221; global_colors_info=&#8221;{}&#8221;][et_pb_column type=&#8221;1_3&#8243; _builder_version=&#8221;4.27.5&#8243; _module_preset=&#8221;default&#8221; global_colors_info=&#8221;{}&#8221;][et_pb_image src=&#8221;https:\/\/bcorpcoffee.org\/wp-content\/uploads\/2026\/02\/Ana-Claudia-Sancoffee.jpg&#8221; title_text=&#8221;Ana Claudia, Sancoffee&#8221; _builder_version=&#8221;4.27.5&#8243; _module_preset=&#8221;default&#8221; width_tablet=&#8221;30%&#8221; width_phone=&#8221;60%&#8221; width_last_edited=&#8221;on|phone&#8221; module_alignment=&#8221;left&#8221; module_alignment_tablet=&#8221;left&#8221; module_alignment_phone=&#8221;center&#8221; module_alignment_last_edited=&#8221;on|desktop&#8221; border_radii=&#8221;on|24px|24px|24px|24px&#8221; global_colors_info=&#8221;{}&#8221;][\/et_pb_image][\/et_pb_column][et_pb_column type=&#8221;2_3&#8243; _builder_version=&#8221;4.27.5&#8243; _module_preset=&#8221;default&#8221; global_colors_info=&#8221;{}&#8221;][et_pb_image src=&#8221;https:\/\/bcorpcoffee.org\/wp-content\/uploads\/2026\/02\/Logo_Sancoffee_Black-scaled.png&#8221; title_text=&#8221;Logo_Sancoffee_Black&#8221; url=&#8221;https:\/\/sancoffee.com\/&#8221; url_new_window=&#8221;on&#8221; _builder_version=&#8221;4.27.5&#8243; _module_preset=&#8221;default&#8221; width=&#8221;20%&#8221; width_tablet=&#8221;19%&#8221; width_phone=&#8221;44%&#8221; width_last_edited=&#8221;on|phone&#8221; global_colors_info=&#8221;{}&#8221;][\/et_pb_image][et_pb_text _builder_version=&#8221;4.27.5&#8243; _module_preset=&#8221;default&#8221; global_colors_info=&#8221;{}&#8221;]<\/p>\n<p><strong><a href=\"https:\/\/www.linkedin.com\/in\/anaclaudiaalsi\/\" target=\"_blank\" rel=\"noopener\">Ana Claudia Silva<\/a>, Head of Impact<\/strong><\/p>\n<p><span style=\"font-weight: 400;\"><a href=\"https:\/\/www.bcorporation.net\/en-us\/find-a-b-corp\/company\/sancoffee-santo-antonio-estate-coffee\/\" target=\"_blank\" rel=\"noopener\">Sancoffee<\/a> est une coop\u00e9rative certifi\u00e9e B Corp bas\u00e9e \u00e0 Campo das Vertentes, au Br\u00e9sil, op\u00e9rant \u00e0 l\u2019intersection du caf\u00e9 de sp\u00e9cialit\u00e9, de la durabilit\u00e9 et de la valeur partag\u00e9e. Sa mission est de cultiver des relations, de r\u00e9colter la confiance et de promouvoir la prosp\u00e9rit\u00e9 pour les producteurs, les communaut\u00e9s et la plan\u00e8te. Cet engagement guide les pratiques au champ et apr\u00e8s r\u00e9colte, la gouvernance et les partenariats, en adoptant l\u2019agriculture r\u00e9g\u00e9n\u00e9ratrice, l\u2019inclusion sociale, la comptabilit\u00e9 carbone, la restauration environnementale et le partage ouvert des connaissances.<\/span><\/p>\n<p>[\/et_pb_text][\/et_pb_column][\/et_pb_row][et_pb_row _builder_version=&#8221;4.27.5&#8243; _module_preset=&#8221;default&#8221; custom_margin=&#8221;0px||0px||false|false&#8221; global_colors_info=&#8221;{}&#8221;][et_pb_column type=&#8221;4_4&#8243; _builder_version=&#8221;4.27.5&#8243; _module_preset=&#8221;default&#8221; global_colors_info=&#8221;{}&#8221;][et_pb_divider color=&#8221;#DC663C&#8221; _builder_version=&#8221;4.27.5&#8243; _module_preset=&#8221;default&#8221; custom_margin=&#8221;0px||0px||false|false&#8221; custom_padding=&#8221;0px||0px||false|false&#8221; global_colors_info=&#8221;{}&#8221;][\/et_pb_divider][\/et_pb_column][\/et_pb_row][et_pb_row column_structure=&#8221;1_3,2_3&#8243; _builder_version=&#8221;4.27.5&#8243; _module_preset=&#8221;default&#8221; global_colors_info=&#8221;{}&#8221;][et_pb_column type=&#8221;1_3&#8243; _builder_version=&#8221;4.27.5&#8243; _module_preset=&#8221;default&#8221; global_colors_info=&#8221;{}&#8221;][et_pb_image src=&#8221;https:\/\/bcorpcoffee.org\/wp-content\/uploads\/2026\/02\/Malte-Hiekel-ViCAFE.jpg&#8221; title_text=&#8221;Malte Hiekel &#8211; ViCAFE&#8221; _builder_version=&#8221;4.27.5&#8243; _module_preset=&#8221;default&#8221; width_tablet=&#8221;30%&#8221; width_phone=&#8221;60%&#8221; width_last_edited=&#8221;on|phone&#8221; module_alignment=&#8221;left&#8221; module_alignment_tablet=&#8221;left&#8221; module_alignment_phone=&#8221;center&#8221; module_alignment_last_edited=&#8221;on|desktop&#8221; border_radii=&#8221;on|24px|24px|24px|24px&#8221; global_colors_info=&#8221;{}&#8221;][\/et_pb_image][\/et_pb_column][et_pb_column type=&#8221;2_3&#8243; _builder_version=&#8221;4.27.5&#8243; _module_preset=&#8221;default&#8221; global_colors_info=&#8221;{}&#8221;][et_pb_image src=&#8221;https:\/\/bcorpcoffee.org\/wp-content\/uploads\/2026\/02\/BCorpCoffeeCoalition-MembersLogo-ViCafe.png&#8221; title_text=&#8221;BCorpCoffeeCoalition-MembersLogo-ViCafe&#8221; url=&#8221;http:\/\/vicafe.ch&#8221; url_new_window=&#8221;on&#8221; _builder_version=&#8221;4.27.5&#8243; _module_preset=&#8221;default&#8221; width=&#8221;20%&#8221; width_tablet=&#8221;19%&#8221; width_phone=&#8221;44%&#8221; width_last_edited=&#8221;on|phone&#8221; global_colors_info=&#8221;{}&#8221;][\/et_pb_image][et_pb_text _builder_version=&#8221;4.27.5&#8243; _module_preset=&#8221;default&#8221; global_colors_info=&#8221;{}&#8221;]<\/p>\n<p><strong><a href=\"https:\/\/www.linkedin.com\/in\/malte-hiekel-0b1917119\/\" target=\"_blank\" rel=\"noopener\">Malte Hiekel<\/a>, Senior Sustainability Specialist<\/strong><\/p>\n<p><span style=\"font-weight: 400;\"><a href=\"https:\/\/www.bcorporation.net\/en-us\/find-a-b-corp\/company\/vicafe-espresso-bars-ag\/\" target=\"_blank\" rel=\"noopener\">ViCAFE<\/a> est une marque de caf\u00e9 de sp\u00e9cialit\u00e9 bas\u00e9e \u00e0 Zurich. Nous op\u00e9rons notre propre torr\u00e9faction au c\u0153ur de la ville et servons notre communaut\u00e9 gr\u00e2ce \u00e0 18 Espresso Bars en Suisse. Cr\u00e9er des moments savoureux et sereins et g\u00e9n\u00e9rer un impact positif pour tous le long du cercle de valeur du caf\u00e9 est notre principal objectif.<\/span><\/p>\n<p>[\/et_pb_text][\/et_pb_column][\/et_pb_row][et_pb_row _builder_version=&#8221;4.27.5&#8243; _module_preset=&#8221;default&#8221; custom_margin=&#8221;0px||0px||false|false&#8221; global_colors_info=&#8221;{}&#8221;][et_pb_column type=&#8221;4_4&#8243; _builder_version=&#8221;4.27.5&#8243; _module_preset=&#8221;default&#8221; global_colors_info=&#8221;{}&#8221;][et_pb_divider color=&#8221;#DC663C&#8221; _builder_version=&#8221;4.27.5&#8243; _module_preset=&#8221;default&#8221; custom_margin=&#8221;0px||0px||false|false&#8221; custom_padding=&#8221;0px||0px||false|false&#8221; global_colors_info=&#8221;{}&#8221;][\/et_pb_divider][\/et_pb_column][\/et_pb_row][et_pb_row column_structure=&#8221;1_3,2_3&#8243; _builder_version=&#8221;4.27.5&#8243; _module_preset=&#8221;default&#8221; global_colors_info=&#8221;{}&#8221;][et_pb_column type=&#8221;1_3&#8243; _builder_version=&#8221;4.27.5&#8243; _module_preset=&#8221;default&#8221; global_colors_info=&#8221;{}&#8221;][et_pb_image src=&#8221;https:\/\/bcorpcoffee.org\/wp-content\/uploads\/2026\/03\/Devon-Barker-Cafe-Imports.jpg&#8221; alt=&#8221;a man standing in front of a purple wall&#8221; title_text=&#8221;Devon Barker &#8211; Cafe Imports&#8221; _builder_version=&#8221;4.27.5&#8243; _module_preset=&#8221;default&#8221; width_tablet=&#8221;30%&#8221; width_phone=&#8221;60%&#8221; width_last_edited=&#8221;on|phone&#8221; module_alignment=&#8221;left&#8221; module_alignment_tablet=&#8221;left&#8221; module_alignment_phone=&#8221;center&#8221; module_alignment_last_edited=&#8221;on|desktop&#8221; border_radii=&#8221;on|24px|24px|24px|24px&#8221; global_colors_info=&#8221;{}&#8221;][\/et_pb_image][\/et_pb_column][et_pb_column type=&#8221;2_3&#8243; _builder_version=&#8221;4.27.5&#8243; _module_preset=&#8221;default&#8221; global_colors_info=&#8221;{}&#8221;][et_pb_image src=&#8221;https:\/\/bcorpcoffee.org\/wp-content\/uploads\/2026\/02\/Cafe_Imports_Main_Logo_Black-1.png&#8221; title_text=&#8221;Cafe_Imports_Main_Logo_Black (1)&#8221; url=&#8221;https:\/\/www.cafeimports.com\/&#8221; url_new_window=&#8221;on&#8221; _builder_version=&#8221;4.27.5&#8243; _module_preset=&#8221;default&#8221; width=&#8221;20%&#8221; width_tablet=&#8221;19%&#8221; width_phone=&#8221;44%&#8221; width_last_edited=&#8221;on|phone&#8221; global_colors_info=&#8221;{}&#8221;][\/et_pb_image][et_pb_text _builder_version=&#8221;4.27.6&#8243; _module_preset=&#8221;default&#8221; global_colors_info=&#8221;{}&#8221;]<\/p>\n<p><strong><a href=\"https:\/\/www.linkedin.com\/in\/devonbbarker\/\" target=\"_blank\" rel=\"noopener\">Devon Barker<\/a>, Sustainability &amp; Stakeholder Engagement<\/strong><\/p>\n<p><span style=\"font-weight: 400;\">Depuis 1993, <a href=\"https:\/\/www.bcorporation.net\/en-us\/find-a-b-corp\/company\/cafe-imports\/\" target=\"_blank\" rel=\"noopener\">Cafe Imports<\/a> importe du caf\u00e9 vert de sp\u00e9cialit\u00e9 de haute qualit\u00e9 et construit des relations de long terme avec des producteurs exceptionnels et des torr\u00e9facteurs attach\u00e9s \u00e0 la qualit\u00e9. En tant qu\u2019entreprise ind\u00e9pendante et certifi\u00e9e B Corp, nous nous engageons \u00e0 soutenir les producteurs, \u00e0 partager des ressources p\u00e9dagogiques gratuites et \u00e0 cr\u00e9er des outils pour renforcer la communaut\u00e9 du caf\u00e9.<\/span><\/p>\n<p>[\/et_pb_text][\/et_pb_column][\/et_pb_row][et_pb_row _builder_version=&#8221;4.27.5&#8243; _module_preset=&#8221;default&#8221; custom_margin=&#8221;0px||0px||false|false&#8221; global_colors_info=&#8221;{}&#8221;][et_pb_column type=&#8221;4_4&#8243; _builder_version=&#8221;4.27.5&#8243; _module_preset=&#8221;default&#8221; global_colors_info=&#8221;{}&#8221;][et_pb_divider color=&#8221;#DC663C&#8221; _builder_version=&#8221;4.27.5&#8243; _module_preset=&#8221;default&#8221; custom_margin=&#8221;0px||0px||false|false&#8221; custom_padding=&#8221;0px||0px||false|false&#8221; global_colors_info=&#8221;{}&#8221;][\/et_pb_divider][\/et_pb_column][\/et_pb_row][et_pb_row column_structure=&#8221;1_3,2_3&#8243; _builder_version=&#8221;4.27.5&#8243; _module_preset=&#8221;default&#8221; global_colors_info=&#8221;{}&#8221;][et_pb_column type=&#8221;1_3&#8243; _builder_version=&#8221;4.27.5&#8243; _module_preset=&#8221;default&#8221; global_colors_info=&#8221;{}&#8221;][et_pb_image src=&#8221;https:\/\/bcorpcoffee.org\/wp-content\/uploads\/2026\/02\/PamelaChng-Bettr-casual-1.png&#8221; title_text=&#8221;PamelaChng-Bettr-casual&#8221; _builder_version=&#8221;4.27.5&#8243; _module_preset=&#8221;default&#8221; width_tablet=&#8221;30%&#8221; width_phone=&#8221;60%&#8221; width_last_edited=&#8221;on|phone&#8221; module_alignment=&#8221;left&#8221; module_alignment_tablet=&#8221;left&#8221; module_alignment_phone=&#8221;center&#8221; module_alignment_last_edited=&#8221;on|desktop&#8221; border_radii=&#8221;on|24px|24px|24px|24px&#8221; global_colors_info=&#8221;{}&#8221;][\/et_pb_image][\/et_pb_column][et_pb_column type=&#8221;2_3&#8243; _builder_version=&#8221;4.27.5&#8243; _module_preset=&#8221;default&#8221; global_colors_info=&#8221;{}&#8221;][et_pb_image src=&#8221;https:\/\/bcorpcoffee.org\/wp-content\/uploads\/2026\/02\/BETTRCOFFEE_LOGO_CMYK_COL_20221003_COFFEE-1-scaled.jpg&#8221; title_text=&#8221;BETTRCOFFEE_LOGO_CMYK_COL_20221003_COFFEE (1)&#8221; url=&#8221;http:\/\/bettr.coffee&#8221; url_new_window=&#8221;on&#8221; _builder_version=&#8221;4.27.5&#8243; _module_preset=&#8221;default&#8221; width=&#8221;20%&#8221; width_tablet=&#8221;19%&#8221; width_phone=&#8221;44%&#8221; width_last_edited=&#8221;on|phone&#8221; global_colors_info=&#8221;{}&#8221;][\/et_pb_image][et_pb_text _builder_version=&#8221;4.27.5&#8243; _module_preset=&#8221;default&#8221; global_colors_info=&#8221;{}&#8221;]<\/p>\n<p><strong><a href=\"https:\/\/www.linkedin.com\/in\/pamelachng\/\" target=\"_blank\" rel=\"noopener\">Pamela Chng<\/a>, Co-Founder<\/strong><\/p>\n<p><span style=\"font-weight: 400;\"><a href=\"https:\/\/www.bcorporation.net\/en-us\/find-a-b-corp\/company\/bettr-barista\/\" target=\"_blank\" rel=\"noopener\">Bettr Group<\/a> est une entreprise sociale int\u00e9gr\u00e9e qui, depuis plus d\u2019une d\u00e9cennie, utilise l\u2019entreprise comme force du bien \u00e0 travers sa branche \u00e9ducative, Bettr Academy, et sa marque de d\u00e9tail, Bettr Coffee. Ils proposent une \u00e9ducation professionnelle aux boissons, des produits de caf\u00e9 de sp\u00e9cialit\u00e9 pour la vente au d\u00e9tail et en gros, ainsi que des services \u00e9v\u00e9nementiels \u00e0 grande \u00e9chelle pour les entreprises. Ils exploitent \u00e9galement des bars \u00e0 caf\u00e9 \u00e0 Singapour, s\u2019appuyant sur leur pr\u00e9sence pour impulser des changements environnementaux et sociaux positifs dans tout ce qu\u2019ils font, cr\u00e9ant des opportunit\u00e9s pour les communaut\u00e9s tout au long de la cha\u00eene de valeur du caf\u00e9 de mani\u00e8re s\u00fbre et inclusive.<\/span><\/p>\n<p>[\/et_pb_text][\/et_pb_column][\/et_pb_row][et_pb_row _builder_version=&#8221;4.27.5&#8243; _module_preset=&#8221;default&#8221; custom_margin=&#8221;0px||0px||false|false&#8221; global_colors_info=&#8221;{}&#8221;][et_pb_column type=&#8221;4_4&#8243; _builder_version=&#8221;4.27.5&#8243; _module_preset=&#8221;default&#8221; global_colors_info=&#8221;{}&#8221;][et_pb_divider color=&#8221;#DC663C&#8221; _builder_version=&#8221;4.27.5&#8243; _module_preset=&#8221;default&#8221; custom_margin=&#8221;0px||0px||false|false&#8221; custom_padding=&#8221;0px||0px||false|false&#8221; global_colors_info=&#8221;{}&#8221;][\/et_pb_divider][\/et_pb_column][\/et_pb_row][et_pb_row column_structure=&#8221;1_3,2_3&#8243; _builder_version=&#8221;4.27.5&#8243; _module_preset=&#8221;default&#8221; global_colors_info=&#8221;{}&#8221;][et_pb_column type=&#8221;1_3&#8243; _builder_version=&#8221;4.27.5&#8243; _module_preset=&#8221;default&#8221; global_colors_info=&#8221;{}&#8221;][et_pb_image src=&#8221;https:\/\/bcorpcoffee.org\/wp-content\/uploads\/2026\/02\/Lindy-Brogaard-_-CleverCoffee_1-scaled.jpg&#8221; title_text=&#8221;Lindy Brogaard _ CleverCoffee_1&#8243; _builder_version=&#8221;4.27.5&#8243; _module_preset=&#8221;default&#8221; width_tablet=&#8221;30%&#8221; width_phone=&#8221;60%&#8221; width_last_edited=&#8221;on|phone&#8221; module_alignment=&#8221;left&#8221; module_alignment_tablet=&#8221;left&#8221; module_alignment_phone=&#8221;center&#8221; module_alignment_last_edited=&#8221;on|desktop&#8221; border_radii=&#8221;on|24px|24px|24px|24px&#8221; global_colors_info=&#8221;{}&#8221;][\/et_pb_image][\/et_pb_column][et_pb_column type=&#8221;2_3&#8243; _builder_version=&#8221;4.27.5&#8243; _module_preset=&#8221;default&#8221; global_colors_info=&#8221;{}&#8221;][et_pb_image src=&#8221;https:\/\/bcorpcoffee.org\/wp-content\/uploads\/2026\/02\/CleverCoffee_international.png&#8221; title_text=&#8221;CleverCoffee_international&#8221; url=&#8221;https:\/\/clevercoffee.dk\/en&#8221; url_new_window=&#8221;on&#8221; _builder_version=&#8221;4.27.5&#8243; _module_preset=&#8221;default&#8221; width=&#8221;30%&#8221; width_tablet=&#8221;19%&#8221; width_phone=&#8221;44%&#8221; width_last_edited=&#8221;on|tablet&#8221; global_colors_info=&#8221;{}&#8221;][\/et_pb_image][et_pb_text _builder_version=&#8221;4.27.5&#8243; _module_preset=&#8221;default&#8221; global_colors_info=&#8221;{}&#8221;]<\/p>\n<p><strong><a href=\"https:\/\/www.linkedin.com\/in\/lindybrogaard\/\" target=\"_blank\" rel=\"noopener\">Lindy Brogaard<\/a>, Head of Coffee &amp; Partner<\/strong><\/p>\n<p><span style=\"font-weight: 400;\"><a href=\"https:\/\/www.bcorporation.net\/en-us\/find-a-b-corp\/company\/clever-coffee\/\" target=\"_blank\" rel=\"noopener\">CleverCoffee<\/a> est une torr\u00e9faction de caf\u00e9 full-service danoise travaillant \u00e0 cr\u00e9er davantage de transparence et \u00e0 soulager la pauvret\u00e9. Nous accompagnons les entreprises du secteur de l\u2019h\u00f4tellerie-restauration, les bureaux et les consommateurs avec des installations de caf\u00e9 compl\u00e8tes et un service d\u2019excellence. Gr\u00e2ce \u00e0 des relations de long terme avec les producteurs et \u00e0 des rapports de transparence annuels, nous visons \u00e0 impulser des changements durables dans un secteur marqu\u00e9 par la sous-r\u00e9mun\u00e9ration. Une tasse \u00e0 la fois, nous travaillons \u00e0 orienter le caf\u00e9 dans une meilleure direction.<\/span><\/p>\n<p>[\/et_pb_text][\/et_pb_column][\/et_pb_row][et_pb_row _builder_version=&#8221;4.27.5&#8243; _module_preset=&#8221;default&#8221; custom_margin=&#8221;0px||0px||false|false&#8221; global_colors_info=&#8221;{}&#8221;][et_pb_column type=&#8221;4_4&#8243; _builder_version=&#8221;4.27.5&#8243; _module_preset=&#8221;default&#8221; global_colors_info=&#8221;{}&#8221;][et_pb_divider color=&#8221;#DC663C&#8221; _builder_version=&#8221;4.27.5&#8243; _module_preset=&#8221;default&#8221; custom_margin=&#8221;0px||0px||false|false&#8221; custom_padding=&#8221;0px||0px||false|false&#8221; global_colors_info=&#8221;{}&#8221;][\/et_pb_divider][\/et_pb_column][\/et_pb_row][et_pb_row column_structure=&#8221;1_3,2_3&#8243; _builder_version=&#8221;4.27.5&#8243; _module_preset=&#8221;default&#8221; global_colors_info=&#8221;{}&#8221;][et_pb_column type=&#8221;1_3&#8243; _builder_version=&#8221;4.27.5&#8243; _module_preset=&#8221;default&#8221; global_colors_info=&#8221;{}&#8221;][et_pb_image src=&#8221;https:\/\/bcorpcoffee.org\/wp-content\/uploads\/2026\/02\/Nick-Percy-Nomad-Coffee-Group.jpg&#8221; title_text=&#8221;Nick Percy &#8211; Nomad Coffee Group&#8221; _builder_version=&#8221;4.27.5&#8243; _module_preset=&#8221;default&#8221; width_tablet=&#8221;30%&#8221; width_phone=&#8221;60%&#8221; width_last_edited=&#8221;on|phone&#8221; module_alignment=&#8221;left&#8221; module_alignment_tablet=&#8221;left&#8221; module_alignment_phone=&#8221;center&#8221; module_alignment_last_edited=&#8221;on|desktop&#8221; border_radii=&#8221;on|24px|24px|24px|24px&#8221; global_colors_info=&#8221;{}&#8221;][\/et_pb_image][\/et_pb_column][et_pb_column type=&#8221;2_3&#8243; _builder_version=&#8221;4.27.5&#8243; _module_preset=&#8221;default&#8221; global_colors_info=&#8221;{}&#8221;][et_pb_image src=&#8221;https:\/\/bcorpcoffee.org\/wp-content\/uploads\/2026\/02\/BCorpCoffeeCoalition-MembersLogo-NomadCoffeeGroup.png&#8221; title_text=&#8221;BCorpCoffeeCoalition-MembersLogo-NomadCoffeeGroup&#8221; url=&#8221;https:\/\/www.nomadcoffeegroup.com.au\/&#8221; url_new_window=&#8221;on&#8221; _builder_version=&#8221;4.27.6&#8243; _module_preset=&#8221;default&#8221; width=&#8221;58%&#8221; width_tablet=&#8221;61%&#8221; width_phone=&#8221;61%&#8221; width_last_edited=&#8221;on|phone&#8221; global_colors_info=&#8221;{}&#8221;][\/et_pb_image][et_pb_text _builder_version=&#8221;4.27.6&#8243; _module_preset=&#8221;default&#8221; global_colors_info=&#8221;{}&#8221;]<\/p>\n<p><strong><a href=\"https:\/\/www.linkedin.com\/in\/nick-percy-03702652\/\" target=\"_blank\" rel=\"noopener\">Nick Percy<\/a>, Group Sustainability Manager<\/strong><\/p>\n<p><span style=\"font-weight: 400;\"><a href=\"https:\/\/www.bcorporation.net\/en-us\/find-a-b-corp\/company\/nomad-coffee-group-pty-ltd\/\" target=\"_blank\" rel=\"noopener\">Nomad Coffee Group<\/a> est un ensemble d\u2019entreprises de caf\u00e9 partageant les m\u00eames valeurs, op\u00e9rant en Australie et en Aotearoa\/Nouvelle-Z\u00e9lande. Nos marques incluent Flight Coffee, Veneziano Coffee Roasters, Blend Co, Coffee Hit, Sourced Coffee et notre branche de torr\u00e9faction contractuelle \u2013 Black Bag Roasters.<\/span><\/p>\n<p>[\/et_pb_text][\/et_pb_column][\/et_pb_row][et_pb_row _builder_version=&#8221;4.27.5&#8243; _module_preset=&#8221;default&#8221; custom_margin=&#8221;0px||0px||false|false&#8221; global_colors_info=&#8221;{}&#8221;][et_pb_column type=&#8221;4_4&#8243; _builder_version=&#8221;4.27.5&#8243; _module_preset=&#8221;default&#8221; global_colors_info=&#8221;{}&#8221;][et_pb_divider color=&#8221;#DC663C&#8221; _builder_version=&#8221;4.27.5&#8243; _module_preset=&#8221;default&#8221; custom_margin=&#8221;0px||0px||false|false&#8221; custom_padding=&#8221;0px||0px||false|false&#8221; global_colors_info=&#8221;{}&#8221;][\/et_pb_divider][\/et_pb_column][\/et_pb_row][et_pb_row column_structure=&#8221;1_3,2_3&#8243; _builder_version=&#8221;4.27.5&#8243; _module_preset=&#8221;default&#8221; global_colors_info=&#8221;{}&#8221;][et_pb_column type=&#8221;1_3&#8243; _builder_version=&#8221;4.27.5&#8243; _module_preset=&#8221;default&#8221; global_colors_info=&#8221;{}&#8221;][et_pb_image src=&#8221;https:\/\/bcorpcoffee.org\/wp-content\/uploads\/2026\/03\/Ritesh-Profile-.jpg&#8221; title_text=&#8221;Ritesh &#8211; Profile&#8221; _builder_version=&#8221;4.27.6&#8243; _module_preset=&#8221;default&#8221; width_tablet=&#8221;30%&#8221; width_phone=&#8221;60%&#8221; width_last_edited=&#8221;on|phone&#8221; module_alignment=&#8221;left&#8221; module_alignment_tablet=&#8221;left&#8221; module_alignment_phone=&#8221;center&#8221; module_alignment_last_edited=&#8221;on|desktop&#8221; border_radii=&#8221;on|24px|24px|24px|24px&#8221; global_colors_info=&#8221;{}&#8221;][\/et_pb_image][\/et_pb_column][et_pb_column type=&#8221;2_3&#8243; _builder_version=&#8221;4.27.5&#8243; _module_preset=&#8221;default&#8221; global_colors_info=&#8221;{}&#8221;][et_pb_image src=&#8221;https:\/\/bcorpcoffee.org\/wp-content\/uploads\/2026\/02\/BCorpCoffeeCoalition-MembersLogo-SprintValleyCoffee.png&#8221; title_text=&#8221;BCorpCoffeeCoalition-MembersLogo-SprintValleyCoffee&#8221; url=&#8221;https:\/\/www.springvalleycoffee.com\/&#8221; url_new_window=&#8221;on&#8221; _builder_version=&#8221;4.27.5&#8243; _module_preset=&#8221;default&#8221; width=&#8221;20%&#8221; width_tablet=&#8221;19%&#8221; width_phone=&#8221;44%&#8221; width_last_edited=&#8221;on|phone&#8221; global_colors_info=&#8221;{}&#8221;][\/et_pb_image][et_pb_text _builder_version=&#8221;4.27.6&#8243; _module_preset=&#8221;default&#8221; global_colors_info=&#8221;{}&#8221;]<\/p>\n<p><strong><a href=\"https:\/\/www.linkedin.com\/in\/riteshdoshisvc\/\" target=\"_blank\" rel=\"noopener\"><span>Ritesh Doshi<\/span><\/a>, <span>CEO de Spring Valley Coffee<\/span><\/strong><\/p>\n<p><span style=\"font-weight: 400;\">Fond\u00e9e en 2009 dans un quartier de Nairobi reconnu pour ses domaines caf\u00e9iers, <a href=\"https:\/\/www.bcorporation.net\/en-us\/find-a-b-corp\/company\/spring-valley-coffee-roasters-limited\/\" target=\"_blank\" rel=\"noopener\">Spring Valley Coffee<\/a> est la torr\u00e9factrice pionni\u00e8re du caf\u00e9 de sp\u00e9cialit\u00e9 au Kenya. Elle s\u00e9lectionne des caf\u00e9s k\u00e9nyans uniques et les torr\u00e9fie en petits lots \u00e0 l\u2019origine. Avec neuf caf\u00e9s au Kenya et un \u00e0 Londres, elle sert ses clients dans ses propres \u00e9tablissements et accompagne des partenaires du secteur h\u00f4telier. Torr\u00e9fier \u00e0 l\u2019origine conserve davantage de valeur au Kenya et cr\u00e9e des opportunit\u00e9s pour les producteurs et les communaut\u00e9s locales.<\/span><\/p>\n<p>[\/et_pb_text][\/et_pb_column][\/et_pb_row][\/et_pb_section][et_pb_section fb_built=&#8221;1&#8243; _builder_version=&#8221;4.27.5&#8243; _module_preset=&#8221;default&#8221; global_colors_info=&#8221;{}&#8221;][et_pb_row _builder_version=&#8221;4.27.5&#8243; _module_preset=&#8221;default&#8221; global_colors_info=&#8221;{}&#8221;][et_pb_column type=&#8221;4_4&#8243; _builder_version=&#8221;4.27.5&#8243; _module_preset=&#8221;default&#8221; global_colors_info=&#8221;{}&#8221;][et_pb_heading title=&#8221;Nos valeurs partag\u00e9es&#8221; _builder_version=&#8221;4.27.5&#8243; _module_preset=&#8221;default&#8221; title_level=&#8221;h2&#8243; title_text_align=&#8221;center&#8221; global_colors_info=&#8221;{}&#8221;][\/et_pb_heading][et_pb_text _builder_version=&#8221;4.27.5&#8243; _module_preset=&#8221;default&#8221; global_colors_info=&#8221;{}&#8221;]<\/p>\n<p><span style=\"font-weight: 400;\">La B Corp Coffee Coalition est construite sur la collaboration, l&#8217;int\u00e9grit\u00e9 et un engagement partag\u00e9 \u00e0 am\u00e9liorer le secteur du caf\u00e9. Nos membres sont guid\u00e9s par les principes suivants :<\/span><\/p>\n<p>[\/et_pb_text][\/et_pb_column][\/et_pb_row][et_pb_row column_structure=&#8221;1_2,1_2&#8243; _builder_version=&#8221;4.27.5&#8243; _module_preset=&#8221;default&#8221; global_colors_info=&#8221;{}&#8221;][et_pb_column type=&#8221;1_2&#8243; _builder_version=&#8221;4.27.5&#8243; _module_preset=&#8221;default&#8221; global_colors_info=&#8221;{}&#8221;][et_pb_text _builder_version=&#8221;4.27.5&#8243; _module_preset=&#8221;default&#8221; module_alignment=&#8221;center&#8221; global_colors_info=&#8221;{}&#8221;]<\/p>\n<ul>\n<li style=\"font-weight: 400;\" aria-level=\"1\"><b>Honn\u00eatet\u00e9 et transparence<\/b><b><br \/><\/b><span style=\"font-weight: 400;\"> Nous agissons avec int\u00e9grit\u00e9, divulguons les conflits d&#8217;int\u00e9r\u00eats et faisons progresser le travail de la coalition de mani\u00e8re ouverte et impartiale.<\/span><\/li>\n<\/ul>\n<p><span style=\"font-weight: 400;\"><\/span><\/p>\n<ul>\n<li style=\"font-weight: 400;\" aria-level=\"1\"><b>Respect<\/b><b><br \/><\/b><span style=\"font-weight: 400;\"> Nous \u00e9coutons activement, valorisons les diff\u00e9rentes perspectives et cr\u00e9ons un espace o\u00f9 chacun peut contribuer avec confiance et ouverture.<\/span><\/li>\n<\/ul>\n<p><span style=\"font-weight: 400;\"><\/span><\/p>\n<p><span style=\"font-weight: 400;\"><\/span><\/p>\n<ul>\n<li style=\"font-weight: 400;\" aria-level=\"1\"><b>Participation<\/b><b><br \/><\/b><span style=\"font-weight: 400;\"> Les membres s&#8217;engagent activement, arrivent pr\u00e9par\u00e9s et contribuent leur expertise pour d\u00e9velopper des solutions pratiques aux d\u00e9fis partag\u00e9s.<\/span><\/li>\n<\/ul>\n<ul><\/ul>\n<p>[\/et_pb_text][\/et_pb_column][et_pb_column type=&#8221;1_2&#8243; _builder_version=&#8221;4.27.5&#8243; _module_preset=&#8221;default&#8221; global_colors_info=&#8221;{}&#8221;][et_pb_text _builder_version=&#8221;4.27.5&#8243; _module_preset=&#8221;default&#8221; ul_text_align=&#8221;left&#8221; module_alignment=&#8221;center&#8221; global_colors_info=&#8221;{}&#8221; ul_line_height__hover_enabled=&#8221;on|desktop&#8221;]<\/p>\n<ul>\n<li style=\"font-weight: 400;\" aria-level=\"1\"><b>Confidentialit\u00e9 et confiance<\/b><b><br \/><\/b><span style=\"font-weight: 400;\"> Nous respectons la confidentialit\u00e9 des informations partag\u00e9es et parlons \u00e0 partir de nos propres exp\u00e9riences tout en prot\u00e9geant la confiance au sein de la coalition.<\/span><\/li>\n<\/ul>\n<p><span style=\"font-weight: 400;\"><\/span><\/p>\n<ul>\n<li style=\"font-weight: 400;\" aria-level=\"1\"><b>Collaboration<\/b><b><br \/><\/b><span style=\"font-weight: 400;\"> Nous travaillons ensemble pour construire un consensus, partager des connaissances et repr\u00e9senter les int\u00e9r\u00eats collectifs de la coalition.<\/span><\/li>\n<\/ul>\n<p><span style=\"font-weight: 400;\"><\/span><\/p>\n<p><span style=\"font-weight: 400;\"><\/span><\/p>\n<ul>\n<li style=\"font-weight: 400;\" aria-level=\"1\"><b>Soutien et plaidoyer<br \/><\/b>Ensemble, nous promouvons la mission et les priorit\u00e9s de la coalition, contribuant \u00e0 mener un changement positif dans toute l&#8217;industrie du caf\u00e9.<\/li>\n<\/ul>\n<p>[\/et_pb_text][\/et_pb_column][\/et_pb_row][et_pb_row _builder_version=&#8221;4.27.5&#8243; _module_preset=&#8221;default&#8221; global_colors_info=&#8221;{}&#8221;][et_pb_column type=&#8221;4_4&#8243; _builder_version=&#8221;4.27.5&#8243; _module_preset=&#8221;default&#8221; global_colors_info=&#8221;{}&#8221;][et_pb_heading title=&#8221;Conseil de Surveillance&#8221; _builder_version=&#8221;4.27.5&#8243; _module_preset=&#8221;default&#8221; title_level=&#8221;h2&#8243; title_text_align=&#8221;center&#8221; global_colors_info=&#8221;{}&#8221;][\/et_pb_heading][et_pb_text _builder_version=&#8221;4.27.5&#8243; _module_preset=&#8221;default&#8221; global_colors_info=&#8221;{}&#8221;]<\/p>\n<p><span style=\"font-weight: 400;\">La coalition est gouvern\u00e9e par un Conseil de Surveillance responsable de la supervision strat\u00e9gique et de l&#8217;alignement avec la mission et les valeurs de la coalition. Pendant ses deux premi\u00e8res ann\u00e9es, ce r\u00f4le sera tenu par les membres fondateurs. Apr\u00e8s cette p\u00e9riode, le Conseil de Surveillance sera r\u00e9\u00e9lu par les membres, guid\u00e9 par les principes de repr\u00e9sentation de genre, de r\u00e9partition g\u00e9ographique et de repr\u00e9sentation sectorielle, garantissant que la gouvernance de la coalition continue de refl\u00e9ter la diversit\u00e9 et l&#8217;ampleur du cercle de valeur mondial du caf\u00e9.<\/span><\/p>\n<p>[\/et_pb_text][\/et_pb_column][\/et_pb_row][\/et_pb_section][et_pb_section fb_built=&#8221;1&#8243; _builder_version=&#8221;4.27.5&#8243; _module_preset=&#8221;default&#8221; background_color=&#8221;#dc663c&#8221; global_colors_info=&#8221;{}&#8221;][et_pb_row column_structure=&#8221;1_2,1_2&#8243; _builder_version=&#8221;4.27.5&#8243; _module_preset=&#8221;default&#8221; global_colors_info=&#8221;{}&#8221;][et_pb_column type=&#8221;1_2&#8243; _builder_version=&#8221;4.27.5&#8243; _module_preset=&#8221;default&#8221; global_colors_info=&#8221;{}&#8221;][et_pb_image src=&#8221;https:\/\/bcorpcoffee.org\/wp-content\/uploads\/2026\/04\/Veneziano-Panama-scaled.jpg&#8221; title_text=&#8221;Veneziano Panama&#8221; _builder_version=&#8221;4.27.6&#8243; _module_preset=&#8221;default&#8221; border_radii=&#8221;on|24px|24px|24px|24px&#8221; global_colors_info=&#8221;{}&#8221;][\/et_pb_image][\/et_pb_column][et_pb_column type=&#8221;1_2&#8243; _builder_version=&#8221;4.27.5&#8243; _module_preset=&#8221;default&#8221; global_colors_info=&#8221;{}&#8221;][et_pb_text _builder_version=&#8221;4.27.5&#8243; _module_preset=&#8221;default&#8221; text_text_color=&#8221;#FFFFFF&#8221; header_2_text_color=&#8221;#FFFFFF&#8221; custom_margin=&#8221;||25px||false|false&#8221; global_colors_info=&#8221;{}&#8221;]<\/p>\n<h2><span data-metadata=\"&lt;!--(figmeta)eyJmaWxlS2V5IjoiRjRTb1F2U2drME5BT3hpUHVBVVhpayIsInBhc3RlSUQiOjE2MjM2MDcwOTYsImRhdGFUeXBlIjoic2NlbmUifQo=(\/figmeta)--&gt;\"><\/span>Vous envisagez de rejoindre la coalition ?<\/h2>\n<p><span data-metadata=\"&lt;!--(figmeta)eyJmaWxlS2V5IjoiRjRTb1F2U2drME5BT3hpUHVBVVhpayIsInBhc3RlSUQiOjE5NDg0NjExMCwiZGF0YVR5cGUiOiJzY2VuZSJ9Cg==(\/figmeta)--&gt;\"><\/span>Nous serions ravis de vous accueillir. Rejoignez notre appel ouvert de questions-r\u00e9ponses le 30 avril pour en savoir plus et clarifier toute question.<\/p>\n<p>[\/et_pb_text][et_pb_button button_url=&#8221;https:\/\/blabswitzerland.zohobackstage.eu\/BCorpCoffeeCoalitionOpenQA#\/&#8221; url_new_window=&#8221;on&#8221; button_text=&#8221;Participez aux questions-r\u00e9ponses ouvertes&#8221; button_alignment=&#8221;left&#8221; _builder_version=&#8221;4.27.5&#8243; _module_preset=&#8221;default&#8221; custom_margin=&#8221;||15px||false|false&#8221; global_colors_info=&#8221;{}&#8221;][\/et_pb_button][et_pb_button button_url=&#8221;\/join-us&#8221; url_new_window=&#8221;on&#8221; button_text=&#8221;Rejoignez la coalition&#8221; button_alignment=&#8221;left&#8221; _builder_version=&#8221;4.27.6&#8243; _module_preset=&#8221;default&#8221; custom_button=&#8221;on&#8221; button_bg_color=&#8221;#FFFFFF&#8221; button_border_width=&#8221;0px&#8221; button_border_color=&#8221;#FBD4DA&#8221; global_colors_info=&#8221;{}&#8221;][\/et_pb_button][\/et_pb_column][\/et_pb_row][\/et_pb_section][et_pb_section fb_built=&#8221;1&#8243; _builder_version=&#8221;4.27.5&#8243; _module_preset=&#8221;default&#8221; background_color=&#8221;#000000&#8243; global_colors_info=&#8221;{}&#8221;][et_pb_row column_structure=&#8221;1_3,1_3,1_3&#8243; _builder_version=&#8221;4.27.5&#8243; _module_preset=&#8221;default&#8221; global_colors_info=&#8221;{}&#8221;][et_pb_column type=&#8221;1_3&#8243; _builder_version=&#8221;4.27.5&#8243; _module_preset=&#8221;default&#8221; global_colors_info=&#8221;{}&#8221;][et_pb_image src=&#8221;https:\/\/bcorpcoffee.org\/wp-content\/uploads\/2026\/02\/Logo-BCorpCoffeeCoalition-white.png&#8221; title_text=&#8221;Logo-BCorpCoffeeCoalition-white&#8221; _builder_version=&#8221;4.27.5&#8243; _module_preset=&#8221;default&#8221; global_colors_info=&#8221;{}&#8221;][\/et_pb_image][\/et_pb_column][et_pb_column type=&#8221;1_3&#8243; _builder_version=&#8221;4.27.5&#8243; _module_preset=&#8221;default&#8221; global_colors_info=&#8221;{}&#8221;][et_pb_menu menu_style=&#8221;centered&#8221; submenu_direction=&#8221;upwards&#8221; active_link_color=&#8221;#FFC20E&#8221; dropdown_menu_bg_color=&#8221;#000000&#8243; dropdown_menu_line_color=&#8221;#000000&#8243; dropdown_menu_active_link_color=&#8221;#FFC20E&#8221; mobile_menu_bg_color=&#8221;#000000&#8243; mobile_menu_text_color=&#8221;#FFFFFF&#8221; _builder_version=&#8221;4.27.5&#8243; _module_preset=&#8221;default&#8221; menu_font=&#8221;|700|||||||&#8221; menu_text_color=&#8221;#FFFFFF&#8221; background_enable_color=&#8221;off&#8221; global_colors_info=&#8221;{}&#8221;][\/et_pb_menu][\/et_pb_column][et_pb_column type=&#8221;1_3&#8243; _builder_version=&#8221;4.27.5&#8243; _module_preset=&#8221;default&#8221; global_colors_info=&#8221;{}&#8221;][et_pb_button button_url=&#8221;\/join-us&#8221; url_new_window=&#8221;on&#8221; button_text=&#8221;Rejoignez la coalition&#8221; _builder_version=&#8221;4.27.6&#8243; _module_preset=&#8221;default&#8221; custom_margin=&#8221;||15px||false|false&#8221; global_colors_info=&#8221;{}&#8221;][\/et_pb_button][et_pb_button button_url=&#8221;https:\/\/docs.google.com\/forms\/d\/e\/1FAIpQLSdA5r9YdePJRaYVPxSGzWt3KaGvFh_AHnbW10oZWxHl369Fkg\/viewform&#8221; button_text=&#8221;Nous contacter&#8221; button_alignment=&#8221;left&#8221; _builder_version=&#8221;4.27.6&#8243; _module_preset=&#8221;default&#8221; custom_button=&#8221;on&#8221; button_bg_color=&#8221;#FFFFFF&#8221; button_border_width=&#8221;0px&#8221; button_border_color=&#8221;#FBD4DA&#8221; locked=&#8221;off&#8221; global_colors_info=&#8221;{}&#8221;][\/et_pb_button][\/et_pb_column][\/et_pb_row][\/et_pb_section]<\/p>\n","protected":false},"excerpt":{"rendered":"<p>Fond\u00e9e par des B Corps du caf\u00e9 \u00e0 travers le mondeLa coalition a \u00e9t\u00e9 initi\u00e9e par un groupe de Certified B Corporations du secteur du caf\u00e9 qui se sont r\u00e9unies pour \u00e9changer des meilleures pratiques et apprendre les unes des autres. Ce qui a \u00e9merg\u00e9 de ces premi\u00e8res conversations \u00e9tait une compr\u00e9hension partag\u00e9e que nombre [&hellip;]<\/p>\n","protected":false},"author":3,"featured_media":0,"parent":0,"menu_order":0,"comment_status":"closed","ping_status":"closed","template":"","meta":{"_et_pb_use_builder":"on","_et_pb_old_content":"","_et_gb_content_width":"","footnotes":""},"class_list":["post-506","page","type-page","status-publish","hentry"],"_links":{"self":[{"href":"https:\/\/bcorpcoffee.org\/fr\/wp-json\/wp\/v2\/pages\/506","targetHints":{"allow":["GET"]}}],"collection":[{"href":"https:\/\/bcorpcoffee.org\/fr\/wp-json\/wp\/v2\/pages"}],"about":[{"href":"https:\/\/bcorpcoffee.org\/fr\/wp-json\/wp\/v2\/types\/page"}],"author":[{"embeddable":true,"href":"https:\/\/bcorpcoffee.org\/fr\/wp-json\/wp\/v2\/users\/3"}],"replies":[{"embeddable":true,"href":"https:\/\/bcorpcoffee.org\/fr\/wp-json\/wp\/v2\/comments?post=506"}],"version-history":[{"count":3,"href":"https:\/\/bcorpcoffee.org\/fr\/wp-json\/wp\/v2\/pages\/506\/revisions"}],"predecessor-version":[{"id":569,"href":"https:\/\/bcorpcoffee.org\/fr\/wp-json\/wp\/v2\/pages\/506\/revisions\/569"}],"wp:attachment":[{"href":"https:\/\/bcorpcoffee.org\/fr\/wp-json\/wp\/v2\/media?parent=506"}],"curies":[{"name":"wp","href":"https:\/\/api.w.org\/{rel}","templated":true}]}}