{"id":503,"date":"2026-04-24T12:08:45","date_gmt":"2026-04-24T12:08:45","guid":{"rendered":"https:\/\/bcorpcoffee.org\/groupes-de-travail\/"},"modified":"2026-04-24T15:56:26","modified_gmt":"2026-04-24T15:56:26","slug":"groupes-de-travail","status":"publish","type":"page","link":"https:\/\/bcorpcoffee.org\/fr\/groupes-de-travail\/","title":{"rendered":"Groupes de Travail"},"content":{"rendered":"<p>[et_pb_section fb_built=&#8221;1&#8243; _builder_version=&#8221;4.27.5&#8243; _module_preset=&#8221;default&#8221; global_colors_info=&#8221;{}&#8221;][et_pb_row _builder_version=&#8221;4.27.5&#8243; _module_preset=&#8221;default&#8221; global_colors_info=&#8221;{}&#8221;][et_pb_column type=&#8221;4_4&#8243; _builder_version=&#8221;4.27.5&#8243; _module_preset=&#8221;default&#8221; global_colors_info=&#8221;{}&#8221;][et_pb_text _builder_version=&#8221;4.27.5&#8243; _module_preset=&#8221;default&#8221; global_colors_info=&#8221;{}&#8221;]<\/p>\n<h1 style=\"text-align: center;\">Groupes de Travail<\/h1>\n<p>[\/et_pb_text][\/et_pb_column][\/et_pb_row][et_pb_row column_structure=&#8221;1_2,1_2&#8243; _builder_version=&#8221;4.27.5&#8243; _module_preset=&#8221;default&#8221; global_colors_info=&#8221;{}&#8221;][et_pb_column type=&#8221;1_2&#8243; _builder_version=&#8221;4.27.5&#8243; _module_preset=&#8221;default&#8221; global_colors_info=&#8221;{}&#8221;][et_pb_text _builder_version=&#8221;4.27.5&#8243; _module_preset=&#8221;default&#8221; global_colors_info=&#8221;{}&#8221;]<\/p>\n<h2><span data-metadata=\"&lt;!--(figmeta)eyJmaWxlS2V5IjoiRjRTb1F2U2drME5BT3hpUHVBVVhpayIsInBhc3RlSUQiOjE2MjM2MDcwOTYsImRhdGFUeXBlIjoic2NlbmUifQo=(\/figmeta)--&gt;\"><\/span>Les Groupes de Travail sont le moteur de la B Corp Coffee Coalition<\/h2>\n<p>\u00a0Ils rassemblent de petits groupes d&#8217;experts d&#8217;entreprises membres pour travailler sur des sujets clairement d\u00e9finis qui sont pertinents dans tout le cercle de valeur du caf\u00e9. Les participants apportent leur exp\u00e9rience pratique et leur expertise, repr\u00e9sentent la perspective de leur organisation et de leur secteur, et servent de lien direct entre le groupe de travail et leur entreprise.<\/p>\n<p>[\/et_pb_text][\/et_pb_column][et_pb_column type=&#8221;1_2&#8243; _builder_version=&#8221;4.27.5&#8243; _module_preset=&#8221;default&#8221; global_colors_info=&#8221;{}&#8221;][et_pb_image src=&#8221;https:\/\/bcorpcoffee.org\/wp-content\/uploads\/2026\/02\/RMS_7232.jpg&#8221; title_text=&#8221;RMS_7232&#8243; _builder_version=&#8221;4.27.5&#8243; _module_preset=&#8221;default&#8221; border_radii=&#8221;on|24px|24px|24px|24px&#8221; global_colors_info=&#8221;{}&#8221;][\/et_pb_image][\/et_pb_column][\/et_pb_row][et_pb_row _builder_version=&#8221;4.27.5&#8243; _module_preset=&#8221;default&#8221; global_colors_info=&#8221;{}&#8221;][et_pb_column type=&#8221;4_4&#8243; _builder_version=&#8221;4.27.5&#8243; _module_preset=&#8221;default&#8221; global_colors_info=&#8221;{}&#8221;][et_pb_button button_url=&#8221;@ET-DC@eyJkeW5hbWljIjp0cnVlLCJjb250ZW50IjoicG9zdF9saW5rX3VybF9wYWdlIiwic2V0dGluZ3MiOnsicG9zdF9pZCI6Ijg2IiwiZW5hYmxlX2h0bWwiOiJvZmYifX0=@&#8221; button_text=&#8221;En savoir plus sur nous&#8221; button_alignment=&#8221;center&#8221; _builder_version=&#8221;4.27.5&#8243; _dynamic_attributes=&#8221;button_url&#8221; _module_preset=&#8221;default&#8221; global_colors_info=&#8221;{}&#8221;][\/et_pb_button][et_pb_text _builder_version=&#8221;4.27.6&#8243; _module_preset=&#8221;default&#8221; hover_enabled=&#8221;0&#8243; global_colors_info=&#8221;{}&#8221; sticky_enabled=&#8221;0&#8243;]<\/p>\n<p><span style=\"font-weight: 400;\">Chaque Groupe de Travail se concentre sur un d\u00e9fi ou une opportunit\u00e9 partag\u00e9e et y travaille sur une p\u00e9riode d\u00e9finie. L&#8217;objectif est de d\u00e9composer les questions complexes \u00e0 l&#8217;\u00e9chelle de l&#8217;industrie en zones de focus exploitables et de d\u00e9velopper des approches partag\u00e9es qui vont au-del\u00e0 des solutions individuelles. Le r\u00e9sultat est pratique et applicable, comme des recommandations, des cadres ou des fa\u00e7ons partag\u00e9es de travailler que les membres peuvent utiliser au sein de leurs propres organisations.<\/span><\/p>\n<p><span style=\"font-weight: 400;\">La direction du Groupe de Travail est encore en cours de d\u00e9finition \u2014 et c&#8217;est intentionnel. Nous pensons que le travail de la coalition doit \u00eatre co-fa\u00e7onn\u00e9 par ses membres, c&#8217;est pourquoi les entreprises membres sont encourag\u00e9es \u00e0 se manifester et \u00e0 diriger. Les th\u00e8mes des groupes de travail ci-dessous sont propos\u00e9s comme points de d\u00e9part, et seront discut\u00e9s et confirm\u00e9s collectivement.<\/span><\/p>\n<p>[\/et_pb_text][\/et_pb_column][\/et_pb_row][et_pb_row column_structure=&#8221;1_3,2_3&#8243; make_equal=&#8221;on&#8221; _builder_version=&#8221;4.27.5&#8243; _module_preset=&#8221;default&#8221; global_colors_info=&#8221;{}&#8221;][et_pb_column type=&#8221;1_3&#8243; _builder_version=&#8221;4.27.5&#8243; _module_preset=&#8221;default&#8221; background_image=&#8221;https:\/\/bcorpcoffee.org\/wp-content\/uploads\/2026\/02\/RMS_7535-Editar.jpg&#8221; border_radii=&#8221;on|24px|24px|24px|24px&#8221; global_colors_info=&#8221;{}&#8221;][\/et_pb_column][et_pb_column type=&#8221;2_3&#8243; _builder_version=&#8221;4.27.5&#8243; _module_preset=&#8221;default&#8221; global_colors_info=&#8221;{}&#8221;][et_pb_text _builder_version=&#8221;4.27.5&#8243; _module_preset=&#8221;default&#8221; global_colors_info=&#8221;{}&#8221;]<\/p>\n<h3><strong>De la Pauvret\u00e9 \u00e0 la Prosp\u00e9rit\u00e9<\/strong><\/h3>\n<p><span style=\"font-weight: 400;\">Le revenu vital est une \u00e9tape essentielle vers un secteur du caf\u00e9 plus \u00e9quitable \u2014 mais il ne refl\u00e8te pas pleinement ce qu\u2019il faut pour que les personnes et les lieux du caf\u00e9 prosp\u00e8rent v\u00e9ritablement. Alors que des millions de caf\u00e9iculteurs vivent encore dans la pauvret\u00e9, <strong>la prosp\u00e9rit\u00e9 doit \u00eatre comprise en termes plus larges et plus syst\u00e9miques.<\/strong><\/span><\/p>\n<p><span style=\"font-weight: 400;\">Ce groupe de travail construira une compr\u00e9hension partag\u00e9e et pratique de ce que \u00ab\u00a0prosp\u00e9rit\u00e9\u00a0\u00bb peut signifier dans tout le cercle de valeur du caf\u00e9, <strong>regarder au-del\u00e0 des revenus<\/strong> alone to the wider conditions that <strong>soutenir des moyens de subsistance solides, des entreprises r\u00e9silientes et des \u00e9cosyst\u00e8mes sains<\/strong>. En abordant les dimensions socio-\u00e9conomiques et environnementales de la prosp\u00e9rit\u00e9, les membres exploreront des th\u00e8mes tels que\u00a0:<\/span><\/p>\n<ul>\n<li style=\"font-weight: 400;\" aria-level=\"1\"><span style=\"font-weight: 400;\">r\u00e9partition juste et transparente de la valeur dans toute la cha\u00eene de valeur<\/span><\/li>\n<li style=\"font-weight: 400;\" aria-level=\"1\"><span style=\"font-weight: 400;\">r\u00e9partition des risques et r\u00e9silience face \u00e0 la volatilit\u00e9 climatique et du march\u00e9<\/span><\/li>\n<li style=\"font-weight: 400;\" aria-level=\"1\"><span style=\"font-weight: 400;\">opportunit\u00e9s d&#8217;\u00e9ducation, de s\u00e9curit\u00e9 et de bien-\u00eatre \u00e0 long terme<\/span><\/li>\n<li style=\"font-weight: 400;\" aria-level=\"1\"><span style=\"font-weight: 400;\">\u00e9quit\u00e9 et repr\u00e9sentation pour les petits producteurs et travailleurs, align\u00e9es sur un indice de prix de prosp\u00e9rit\u00e9<\/span><\/li>\n<\/ul>\n<p><span style=\"font-weight: 400;\">L&#8217;objectif est de travailler ensemble vers des points de r\u00e9f\u00e9rence, principes et approches partag\u00e9s qui refl\u00e8tent la complexit\u00e9 de la prosp\u00e9rit\u00e9 dans le caf\u00e9, et qui peuvent \u00e9voluer par l&#8217;apprentissage et l&#8217;action collective.<strong> La direction, les priorit\u00e9s et les r\u00e9sultats seront fa\u00e7onn\u00e9s par les membres participants.<\/strong><\/span><\/p>\n<p><span style=\"font-weight: 400;\"><\/span><\/p>\n<p>[\/et_pb_text][\/et_pb_column][\/et_pb_row][et_pb_row _builder_version=&#8221;4.27.5&#8243; _module_preset=&#8221;default&#8221; custom_margin=&#8221;0px||0px||false|false&#8221; locked=&#8221;off&#8221; global_colors_info=&#8221;{}&#8221;][et_pb_column type=&#8221;4_4&#8243; _builder_version=&#8221;4.27.5&#8243; _module_preset=&#8221;default&#8221; global_colors_info=&#8221;{}&#8221;][et_pb_divider color=&#8221;#DC663C&#8221; _builder_version=&#8221;4.27.5&#8243; _module_preset=&#8221;default&#8221; custom_margin=&#8221;0px||0px||false|false&#8221; custom_padding=&#8221;0px||0px||false|false&#8221; global_colors_info=&#8221;{}&#8221;][\/et_pb_divider][\/et_pb_column][\/et_pb_row][et_pb_row column_structure=&#8221;1_3,2_3&#8243; make_equal=&#8221;on&#8221; _builder_version=&#8221;4.27.5&#8243; _module_preset=&#8221;default&#8221; custom_margin=&#8221;0px||||false|false&#8221; custom_padding=&#8221;0px||||false|false&#8221; global_colors_info=&#8221;{}&#8221;][et_pb_column type=&#8221;1_3&#8243; _builder_version=&#8221;4.27.5&#8243; _module_preset=&#8221;default&#8221; background_image=&#8221;https:\/\/bcorpcoffee.org\/wp-content\/uploads\/2026\/02\/RMS_9103.jpg&#8221; border_radii=&#8221;on|24px|24px|24px|24px&#8221; global_colors_info=&#8221;{}&#8221;][\/et_pb_column][et_pb_column type=&#8221;2_3&#8243; _builder_version=&#8221;4.27.5&#8243; _module_preset=&#8221;default&#8221; global_colors_info=&#8221;{}&#8221;][et_pb_text _builder_version=&#8221;4.27.5&#8243; _module_preset=&#8221;default&#8221; global_colors_info=&#8221;{}&#8221;]<\/p>\n<h3><a href=\"https:\/\/bcorpcoffee.org\/working-groups\/?et_fb=1&amp;PageSpeed=off#\" class=\"et-fb-editable-element et-fb-editable-element__editing\" data-shortcode-id=\"0.3.0.0.1-1773137244162\" data-quickaccess-id=\"tab-tab\" contenteditable=\"true\">Main-d&#8217;\u0153uvre du Caf\u00e9 Guid\u00e9e par le Sens<\/a><\/h3>\n<p><span style=\"font-weight: 400;\">L&#8217;engagement et la r\u00e9tention des employ\u00e9s sont des d\u00e9fis croissants dans tout le secteur du caf\u00e9. De nombreux r\u00f4les sont \u00e9troitement d\u00e9finis, et les employ\u00e9s manquent souvent de visibilit\u00e9 sur la fa\u00e7on dont leur travail se connecte \u00e0 la cha\u00eene de valeur du caf\u00e9 plus large et \u00e0 son objectif <\/span><b>et comment ils peuvent y prosp\u00e9rer<\/b><span style=\"font-weight: 400;\">. Ce groupe de travail se concentrera sur la fa\u00e7on dont la main-d&#8217;\u0153uvre du caf\u00e9 peut \u00eatre renforc\u00e9e par <\/span><b>apprentissage, connexion et objectif partag\u00e9<\/b><span style=\"font-weight: 400;\"> dans toute la cha\u00eene de valeur.<\/span><\/p>\n<p><span style=\"font-weight: 400;\">En cr\u00e9ant des opportunit\u00e9s pour les travailleurs d&#8217;exp\u00e9rimenter et mieux comprendre diff\u00e9rentes parties de la cha\u00eene de valeur, le travail se concentrera sur <\/span><b>renfor\u00e7ant l&#8217;engagement, la croissance professionnelle et un sentiment d&#8217;appartenance plus fort<\/b><span style=\"font-weight: 400;\">. Les approches et les r\u00e9sultats seront fa\u00e7onn\u00e9s par les membres participants et con\u00e7us pour \u00eatre <\/span><b>accessible aux personnes de diff\u00e9rents r\u00f4les, entreprises et contextes.<\/b><\/p>\n<p><span style=\"font-weight: 400;\"><\/span><\/p>\n<p>[\/et_pb_text][\/et_pb_column][\/et_pb_row][et_pb_row disabled_on=&#8221;on|on|on&#8221; _builder_version=&#8221;4.27.5&#8243; _module_preset=&#8221;default&#8221; disabled=&#8221;on&#8221; global_colors_info=&#8221;{}&#8221;][et_pb_column type=&#8221;4_4&#8243; _builder_version=&#8221;4.27.5&#8243; _module_preset=&#8221;default&#8221; global_colors_info=&#8221;{}&#8221;][et_pb_tabs _builder_version=&#8221;4.27.5&#8243; _module_preset=&#8221;default&#8221; tab_font=&#8221;||||||||&#8221; tab_font_size=&#8221;22px&#8221; border_radii=&#8221;on|24px|24px|24px|24px&#8221; border_color_all=&#8221;rgba(255,194,14,0.32)&#8221; global_colors_info=&#8221;{}&#8221;][et_pb_tab title=&#8221;De la Pauvret\u00e9 \u00e0 la Prosp\u00e9rit\u00e9&#8221; _builder_version=&#8221;4.27.5&#8243; _module_preset=&#8221;default&#8221; tab_font=&#8221;||||||||&#8221; global_colors_info=&#8221;{}&#8221;]<\/p>\n<p><span style=\"font-weight: 400;\">Le revenu vital est une \u00e9tape essentielle vers un secteur du caf\u00e9 plus \u00e9quitable \u2013 mais il ne refl\u00e8te pas pleinement ce qu\u2019il faut pour que les personnes et les lieux du caf\u00e9 prosp\u00e8rent v\u00e9ritablement. Alors que des millions de caf\u00e9iculteurs vivent encore dans la pauvret\u00e9, <strong>la prosp\u00e9rit\u00e9 doit \u00eatre comprise en termes plus larges et syst\u00e9miques.<\/strong><\/span><\/p>\n<p><span style=\"font-weight: 400;\">Ce groupe de travail construira une compr\u00e9hension partag\u00e9e et pratique de ce que \u00ab\u00a0prosp\u00e9rit\u00e9\u00a0\u00bb peut signifier dans tout le cercle de valeur du caf\u00e9, <strong>regarder au-del\u00e0 des revenus<\/strong> alone to the wider conditions that <strong>soutenir des moyens de subsistance solides, des entreprises r\u00e9silientes et des \u00e9cosyst\u00e8mes sains<\/strong>. En abordant les dimensions socio-\u00e9conomiques et environnementales de la prosp\u00e9rit\u00e9, les membres exploreront des th\u00e8mes tels que\u00a0:<\/span><\/p>\n<ul>\n<li style=\"font-weight: 400;\" aria-level=\"1\"><span style=\"font-weight: 400;\">r\u00e9partition juste et transparente de la valeur dans toute la cha\u00eene de valeur<\/span><\/li>\n<li style=\"font-weight: 400;\" aria-level=\"1\"><span style=\"font-weight: 400;\">r\u00e9partition des risques et r\u00e9silience face \u00e0 la volatilit\u00e9 climatique et du march\u00e9<\/span><\/li>\n<li style=\"font-weight: 400;\" aria-level=\"1\"><span style=\"font-weight: 400;\">opportunit\u00e9s d&#8217;\u00e9ducation, de s\u00e9curit\u00e9 et de bien-\u00eatre \u00e0 long terme<\/span><\/li>\n<li style=\"font-weight: 400;\" aria-level=\"1\"><span style=\"font-weight: 400;\">\u00e9quit\u00e9 et repr\u00e9sentation pour les petits producteurs et travailleurs, align\u00e9es sur un indice de prix de prosp\u00e9rit\u00e9<\/span><\/li>\n<\/ul>\n<p><span style=\"font-weight: 400;\">L&#8217;objectif est de travailler ensemble vers des points de r\u00e9f\u00e9rence, principes et approches partag\u00e9s qui refl\u00e8tent la complexit\u00e9 de la prosp\u00e9rit\u00e9 dans le caf\u00e9, et qui peuvent \u00e9voluer par l&#8217;apprentissage et l&#8217;action collective.<strong> La direction, les priorit\u00e9s et les r\u00e9sultats seront fa\u00e7onn\u00e9s par les membres participants.<\/strong><\/span><\/p>\n<p>[\/et_pb_tab][et_pb_tab title=&#8221;Main-d&#8217;\u0153uvre du Caf\u00e9 Guid\u00e9e par le Sens&#8221; _builder_version=&#8221;4.27.5&#8243; _module_preset=&#8221;default&#8221; global_colors_info=&#8221;{}&#8221;]<\/p>\n<p><span style=\"font-weight: 400;\">L&#8217;engagement et la r\u00e9tention des employ\u00e9s sont des d\u00e9fis croissants dans tout le secteur du caf\u00e9. De nombreux r\u00f4les sont \u00e9troitement d\u00e9finis, et les employ\u00e9s manquent souvent de visibilit\u00e9 sur la fa\u00e7on dont leur travail se connecte \u00e0 la cha\u00eene de valeur du caf\u00e9 plus large et \u00e0 son objectif <\/span><b>et comment ils peuvent y prosp\u00e9rer<\/b><span style=\"font-weight: 400;\">. Ce groupe de travail se concentrera sur la fa\u00e7on dont la main-d&#8217;\u0153uvre du caf\u00e9 peut \u00eatre renforc\u00e9e par <\/span><b>apprentissage, connexion et objectif partag\u00e9<\/b><span style=\"font-weight: 400;\"> dans toute la cha\u00eene de valeur.<\/span><\/p>\n<p><span style=\"font-weight: 400;\">En cr\u00e9ant des opportunit\u00e9s pour les travailleurs d&#8217;exp\u00e9rimenter et mieux comprendre diff\u00e9rentes parties de la cha\u00eene de valeur, le travail se concentrera sur <\/span><b>renfor\u00e7ant l&#8217;engagement, la croissance professionnelle et un sentiment d&#8217;appartenance plus fort<\/b><span style=\"font-weight: 400;\">. Les approches et les r\u00e9sultats seront fa\u00e7onn\u00e9s par les membres participants et con\u00e7us pour \u00eatre <\/span><b>accessible aux personnes de diff\u00e9rents r\u00f4les, entreprises et contextes.<\/b><\/p>\n<p>[\/et_pb_tab][\/et_pb_tabs][\/et_pb_column][\/et_pb_row][\/et_pb_section][et_pb_section fb_built=&#8221;1&#8243; _builder_version=&#8221;4.27.5&#8243; _module_preset=&#8221;default&#8221; background_color=&#8221;#dc663c&#8221; global_colors_info=&#8221;{}&#8221;][et_pb_row column_structure=&#8221;1_2,1_2&#8243; _builder_version=&#8221;4.27.5&#8243; _module_preset=&#8221;default&#8221; global_colors_info=&#8221;{}&#8221;][et_pb_column type=&#8221;1_2&#8243; _builder_version=&#8221;4.27.5&#8243; _module_preset=&#8221;default&#8221; global_colors_info=&#8221;{}&#8221;][et_pb_image src=&#8221;https:\/\/bcorpcoffee.org\/wp-content\/uploads\/2026\/04\/Veneziano-Panama-scaled.jpg&#8221; title_text=&#8221;Veneziano Panama&#8221; _builder_version=&#8221;4.27.6&#8243; _module_preset=&#8221;default&#8221; border_radii=&#8221;on|24px|24px|24px|24px&#8221; global_colors_info=&#8221;{}&#8221;][\/et_pb_image][\/et_pb_column][et_pb_column type=&#8221;1_2&#8243; _builder_version=&#8221;4.27.5&#8243; _module_preset=&#8221;default&#8221; global_colors_info=&#8221;{}&#8221;][et_pb_text _builder_version=&#8221;4.27.5&#8243; _module_preset=&#8221;default&#8221; text_text_color=&#8221;#FFFFFF&#8221; header_2_text_color=&#8221;#FFFFFF&#8221; custom_margin=&#8221;||25px||false|false&#8221; global_colors_info=&#8221;{}&#8221;]<\/p>\n<h2><span data-metadata=\"&lt;!--(figmeta)eyJmaWxlS2V5IjoiRjRTb1F2U2drME5BT3hpUHVBVVhpayIsInBhc3RlSUQiOjE2MjM2MDcwOTYsImRhdGFUeXBlIjoic2NlbmUifQo=(\/figmeta)--&gt;\"><\/span>Vous envisagez de rejoindre la coalition ?<\/h2>\n<p><span data-metadata=\"&lt;!--(figmeta)eyJmaWxlS2V5IjoiRjRTb1F2U2drME5BT3hpUHVBVVhpayIsInBhc3RlSUQiOjE5NDg0NjExMCwiZGF0YVR5cGUiOiJzY2VuZSJ9Cg==(\/figmeta)--&gt;\"><\/span>Nous serions ravis de vous accueillir. Rejoignez notre appel ouvert de questions-r\u00e9ponses le 30 avril pour en savoir plus et clarifier toute question.<\/p>\n<p>[\/et_pb_text][et_pb_button button_url=&#8221;https:\/\/blabswitzerland.zohobackstage.eu\/BCorpCoffeeCoalitionOpenQA#\/&#8221; url_new_window=&#8221;on&#8221; button_text=&#8221;Participez aux questions-r\u00e9ponses ouvertes&#8221; button_alignment=&#8221;left&#8221; _builder_version=&#8221;4.27.5&#8243; _module_preset=&#8221;default&#8221; custom_margin=&#8221;||15px||false|false&#8221; global_colors_info=&#8221;{}&#8221;][\/et_pb_button][et_pb_button button_url=&#8221;\/join-us&#8221; url_new_window=&#8221;on&#8221; button_text=&#8221;Rejoignez la coalition&#8221; button_alignment=&#8221;left&#8221; _builder_version=&#8221;4.27.6&#8243; _module_preset=&#8221;default&#8221; custom_button=&#8221;on&#8221; button_bg_color=&#8221;#FFFFFF&#8221; button_border_width=&#8221;0px&#8221; button_border_color=&#8221;#FBD4DA&#8221; global_colors_info=&#8221;{}&#8221;][\/et_pb_button][\/et_pb_column][\/et_pb_row][\/et_pb_section][et_pb_section fb_built=&#8221;1&#8243; _builder_version=&#8221;4.27.5&#8243; _module_preset=&#8221;default&#8221; background_color=&#8221;#000000&#8243; global_colors_info=&#8221;{}&#8221;][et_pb_row column_structure=&#8221;1_3,1_3,1_3&#8243; _builder_version=&#8221;4.27.5&#8243; _module_preset=&#8221;default&#8221; global_colors_info=&#8221;{}&#8221;][et_pb_column type=&#8221;1_3&#8243; _builder_version=&#8221;4.27.5&#8243; _module_preset=&#8221;default&#8221; global_colors_info=&#8221;{}&#8221;][et_pb_image src=&#8221;https:\/\/bcorpcoffee.org\/wp-content\/uploads\/2026\/02\/Logo-BCorpCoffeeCoalition-white.png&#8221; title_text=&#8221;Logo-BCorpCoffeeCoalition-white&#8221; _builder_version=&#8221;4.27.5&#8243; _module_preset=&#8221;default&#8221; global_colors_info=&#8221;{}&#8221;][\/et_pb_image][\/et_pb_column][et_pb_column type=&#8221;1_3&#8243; _builder_version=&#8221;4.27.5&#8243; _module_preset=&#8221;default&#8221; global_colors_info=&#8221;{}&#8221;][et_pb_menu menu_style=&#8221;centered&#8221; submenu_direction=&#8221;upwards&#8221; active_link_color=&#8221;#FFC20E&#8221; dropdown_menu_bg_color=&#8221;#000000&#8243; dropdown_menu_line_color=&#8221;#000000&#8243; dropdown_menu_active_link_color=&#8221;#FFC20E&#8221; mobile_menu_bg_color=&#8221;#000000&#8243; mobile_menu_text_color=&#8221;#FFFFFF&#8221; _builder_version=&#8221;4.27.5&#8243; _module_preset=&#8221;default&#8221; menu_font=&#8221;|700|||||||&#8221; menu_text_color=&#8221;#FFFFFF&#8221; background_enable_color=&#8221;off&#8221; global_colors_info=&#8221;{}&#8221;][\/et_pb_menu][\/et_pb_column][et_pb_column type=&#8221;1_3&#8243; _builder_version=&#8221;4.27.5&#8243; _module_preset=&#8221;default&#8221; global_colors_info=&#8221;{}&#8221;][et_pb_button button_url=&#8221;\/join-us&#8221; url_new_window=&#8221;on&#8221; button_text=&#8221;Rejoignez la coalition&#8221; _builder_version=&#8221;4.27.6&#8243; _module_preset=&#8221;default&#8221; custom_margin=&#8221;||15px||false|false&#8221; global_colors_info=&#8221;{}&#8221;][\/et_pb_button][et_pb_button button_url=&#8221;https:\/\/docs.google.com\/forms\/d\/e\/1FAIpQLSdA5r9YdePJRaYVPxSGzWt3KaGvFh_AHnbW10oZWxHl369Fkg\/viewform&#8221; button_text=&#8221;Nous contacter&#8221; button_alignment=&#8221;left&#8221; _builder_version=&#8221;4.27.6&#8243; _module_preset=&#8221;default&#8221; custom_button=&#8221;on&#8221; button_bg_color=&#8221;#FFFFFF&#8221; button_border_width=&#8221;0px&#8221; button_border_color=&#8221;#FBD4DA&#8221; locked=&#8221;off&#8221; global_colors_info=&#8221;{}&#8221;][\/et_pb_button][\/et_pb_column][\/et_pb_row][\/et_pb_section]<\/p>\n","protected":false},"excerpt":{"rendered":"<p>Groupes de TravailLes Groupes de Travail sont le moteur de la B Corp Coffee Coalition \u00a0Ils rassemblent de petits groupes d&#8217;experts d&#8217;entreprises membres pour travailler sur des sujets clairement d\u00e9finis qui sont pertinents dans tout le cercle de valeur du caf\u00e9. Les participants apportent leur exp\u00e9rience pratique et leur expertise, repr\u00e9sentent la perspective de leur [&hellip;]<\/p>\n","protected":false},"author":3,"featured_media":0,"parent":0,"menu_order":0,"comment_status":"closed","ping_status":"closed","template":"","meta":{"_et_pb_use_builder":"on","_et_pb_old_content":"","_et_gb_content_width":"","footnotes":""},"class_list":["post-503","page","type-page","status-publish","hentry"],"_links":{"self":[{"href":"https:\/\/bcorpcoffee.org\/fr\/wp-json\/wp\/v2\/pages\/503","targetHints":{"allow":["GET"]}}],"collection":[{"href":"https:\/\/bcorpcoffee.org\/fr\/wp-json\/wp\/v2\/pages"}],"about":[{"href":"https:\/\/bcorpcoffee.org\/fr\/wp-json\/wp\/v2\/types\/page"}],"author":[{"embeddable":true,"href":"https:\/\/bcorpcoffee.org\/fr\/wp-json\/wp\/v2\/users\/3"}],"replies":[{"embeddable":true,"href":"https:\/\/bcorpcoffee.org\/fr\/wp-json\/wp\/v2\/comments?post=503"}],"version-history":[{"count":5,"href":"https:\/\/bcorpcoffee.org\/fr\/wp-json\/wp\/v2\/pages\/503\/revisions"}],"predecessor-version":[{"id":562,"href":"https:\/\/bcorpcoffee.org\/fr\/wp-json\/wp\/v2\/pages\/503\/revisions\/562"}],"wp:attachment":[{"href":"https:\/\/bcorpcoffee.org\/fr\/wp-json\/wp\/v2\/media?parent=503"}],"curies":[{"name":"wp","href":"https:\/\/api.w.org\/{rel}","templated":true}]}}