{"id":505,"date":"2026-04-24T12:08:45","date_gmt":"2026-04-24T12:08:45","guid":{"rendered":"https:\/\/bcorpcoffee.org\/acerca-de\/"},"modified":"2026-04-24T16:01:38","modified_gmt":"2026-04-24T16:01:38","slug":"acerca-de","status":"publish","type":"page","link":"https:\/\/bcorpcoffee.org\/es\/acerca-de\/","title":{"rendered":"Acerca de"},"content":{"rendered":"<p>[et_pb_section fb_built=&#8221;1&#8243; _builder_version=&#8221;4.27.5&#8243; _module_preset=&#8221;default&#8221; global_colors_info=&#8221;{}&#8221;][et_pb_row _builder_version=&#8221;4.27.5&#8243; _module_preset=&#8221;default&#8221; global_colors_info=&#8221;{}&#8221;][et_pb_column type=&#8221;4_4&#8243; _builder_version=&#8221;4.27.5&#8243; _module_preset=&#8221;default&#8221; global_colors_info=&#8221;{}&#8221;][et_pb_text _builder_version=&#8221;4.27.5&#8243; _module_preset=&#8221;default&#8221; width=&#8221;80%&#8221; width_tablet=&#8221;80%&#8221; width_phone=&#8221;80%&#8221; width_last_edited=&#8221;on|desktop&#8221; module_alignment=&#8221;center&#8221; global_colors_info=&#8221;{}&#8221;]<\/p>\n<h1 style=\"text-align: center;\">Fundada por Empresas B de caf\u00e9 en todo el mundo<\/h1>\n<p>[\/et_pb_text][\/et_pb_column][\/et_pb_row][et_pb_row column_structure=&#8221;1_2,1_2&#8243; _builder_version=&#8221;4.27.5&#8243; _module_preset=&#8221;default&#8221; global_colors_info=&#8221;{}&#8221;][et_pb_column type=&#8221;1_2&#8243; _builder_version=&#8221;4.27.5&#8243; _module_preset=&#8221;default&#8221; global_colors_info=&#8221;{}&#8221;][et_pb_image src=&#8221;https:\/\/bcorpcoffee.org\/wp-content\/uploads\/2026\/02\/RMS_9583.jpg&#8221; title_text=&#8221;RMS_9583&#8243; _builder_version=&#8221;4.27.5&#8243; _module_preset=&#8221;default&#8221; border_radii=&#8221;on|24px|24px|24px|24px&#8221; global_colors_info=&#8221;{}&#8221;][\/et_pb_image][\/et_pb_column][et_pb_column type=&#8221;1_2&#8243; _builder_version=&#8221;4.27.5&#8243; _module_preset=&#8221;default&#8221; global_colors_info=&#8221;{}&#8221;][et_pb_text _builder_version=&#8221;4.27.5&#8243; _module_preset=&#8221;default&#8221; global_colors_info=&#8221;{}&#8221;]<\/p>\n<p><span style=\"font-weight: 400;\">La coalici\u00f3n fue iniciada por un grupo de Empresas B Certificadas del sector cafetero que se unieron para intercambiar mejores pr\u00e1cticas y aprender unos de otros.<\/span><\/p>\n<p><span style=\"font-weight: 400;\">Lo que surgi\u00f3 de estas primeras conversaciones fue un entendimiento compartido de que muchos de los problemas que dan forma al caf\u00e9 hoy son interconectados y sist\u00e9micos, y requieren colaboraci\u00f3n entre empresas, roles y regiones. <\/span><b>So what if coffee Empresas B joined forces?<\/b><\/p>\n<p>[\/et_pb_text][\/et_pb_column][\/et_pb_row][et_pb_row _builder_version=&#8221;4.27.5&#8243; _module_preset=&#8221;default&#8221; global_colors_info=&#8221;{}&#8221;][et_pb_column type=&#8221;4_4&#8243; _builder_version=&#8221;4.27.5&#8243; _module_preset=&#8221;default&#8221; global_colors_info=&#8221;{}&#8221;][et_pb_text _builder_version=&#8221;4.27.5&#8243; _module_preset=&#8221;default&#8221; text_font=&#8221;|||on|||||&#8221; text_text_color=&#8221;#DC663C&#8221; text_font_size=&#8221;33px&#8221; text_line_height=&#8221;1.6em&#8221; global_colors_info=&#8221;{}&#8221;]<\/p>\n<p style=\"text-align: center;\"><b>El resultado es la B Corp Coffee Coalition:<br \/><\/b><b>Liderada por Empresas B, construida por el sector, para el sector.<\/b><\/p>\n<p>[\/et_pb_text][\/et_pb_column][\/et_pb_row][\/et_pb_section][et_pb_section fb_built=&#8221;1&#8243; _builder_version=&#8221;4.27.5&#8243; _module_preset=&#8221;default&#8221; global_colors_info=&#8221;{}&#8221;][et_pb_row _builder_version=&#8221;4.27.5&#8243; _module_preset=&#8221;default&#8221; global_colors_info=&#8221;{}&#8221;][et_pb_column type=&#8221;4_4&#8243; _builder_version=&#8221;4.27.5&#8243; _module_preset=&#8221;default&#8221; global_colors_info=&#8221;{}&#8221;][et_pb_heading title=&#8221;Conoce a los miembros fundadores&#8221; _builder_version=&#8221;4.27.5&#8243; _module_preset=&#8221;default&#8221; title_level=&#8221;h2&#8243; title_text_align=&#8221;center&#8221; global_colors_info=&#8221;{}&#8221;][\/et_pb_heading][\/et_pb_column][\/et_pb_row][et_pb_row column_structure=&#8221;1_3,2_3&#8243; _builder_version=&#8221;4.27.5&#8243; _module_preset=&#8221;default&#8221; global_colors_info=&#8221;{}&#8221;][et_pb_column type=&#8221;1_3&#8243; _builder_version=&#8221;4.27.5&#8243; _module_preset=&#8221;default&#8221; global_colors_info=&#8221;{}&#8221;][et_pb_image src=&#8221;https:\/\/bcorpcoffee.org\/wp-content\/uploads\/2026\/02\/Ana-Claudia-Sancoffee.jpg&#8221; title_text=&#8221;Ana Claudia, Sancoffee&#8221; _builder_version=&#8221;4.27.5&#8243; _module_preset=&#8221;default&#8221; width_tablet=&#8221;30%&#8221; width_phone=&#8221;60%&#8221; width_last_edited=&#8221;on|phone&#8221; module_alignment=&#8221;left&#8221; module_alignment_tablet=&#8221;left&#8221; module_alignment_phone=&#8221;center&#8221; module_alignment_last_edited=&#8221;on|desktop&#8221; border_radii=&#8221;on|24px|24px|24px|24px&#8221; global_colors_info=&#8221;{}&#8221;][\/et_pb_image][\/et_pb_column][et_pb_column type=&#8221;2_3&#8243; _builder_version=&#8221;4.27.5&#8243; _module_preset=&#8221;default&#8221; global_colors_info=&#8221;{}&#8221;][et_pb_image src=&#8221;https:\/\/bcorpcoffee.org\/wp-content\/uploads\/2026\/02\/Logo_Sancoffee_Black-scaled.png&#8221; title_text=&#8221;Logo_Sancoffee_Black&#8221; url=&#8221;https:\/\/sancoffee.com\/&#8221; url_new_window=&#8221;on&#8221; _builder_version=&#8221;4.27.5&#8243; _module_preset=&#8221;default&#8221; width=&#8221;20%&#8221; width_tablet=&#8221;19%&#8221; width_phone=&#8221;44%&#8221; width_last_edited=&#8221;on|phone&#8221; global_colors_info=&#8221;{}&#8221;][\/et_pb_image][et_pb_text _builder_version=&#8221;4.27.5&#8243; _module_preset=&#8221;default&#8221; global_colors_info=&#8221;{}&#8221;]<\/p>\n<p><strong><a href=\"https:\/\/www.linkedin.com\/in\/anaclaudiaalsi\/\" target=\"_blank\" rel=\"noopener\">Ana Claudia Silva<\/a>, Head of Impact<\/strong><\/p>\n<p><span style=\"font-weight: 400;\"><a href=\"https:\/\/www.bcorporation.net\/en-us\/find-a-b-corp\/company\/sancoffee-santo-antonio-estate-coffee\/\" target=\"_blank\" rel=\"noopener\">Sancoffee<\/a> es una cooperativa Certificada como Empresa B con sede en Campo das Vertentes, Brasil, que opera en la intersecci\u00f3n del caf\u00e9 de especialidad, la sostenibilidad y el valor compartido. Su misi\u00f3n es cultivar relaciones, cosechar confianza y promover la prosperidad para productores, comunidades y el planeta. Este compromiso gu\u00eda las pr\u00e1cticas de campo y postcosecha, la gobernanza y las alianzas, adoptando agricultura regenerativa, inclusi\u00f3n social, contabilidad del carbono, restauraci\u00f3n ambiental e intercambio abierto de conocimiento.<\/span><\/p>\n<p>[\/et_pb_text][\/et_pb_column][\/et_pb_row][et_pb_row _builder_version=&#8221;4.27.5&#8243; _module_preset=&#8221;default&#8221; custom_margin=&#8221;0px||0px||false|false&#8221; global_colors_info=&#8221;{}&#8221;][et_pb_column type=&#8221;4_4&#8243; _builder_version=&#8221;4.27.5&#8243; _module_preset=&#8221;default&#8221; global_colors_info=&#8221;{}&#8221;][et_pb_divider color=&#8221;#DC663C&#8221; _builder_version=&#8221;4.27.5&#8243; _module_preset=&#8221;default&#8221; custom_margin=&#8221;0px||0px||false|false&#8221; custom_padding=&#8221;0px||0px||false|false&#8221; global_colors_info=&#8221;{}&#8221;][\/et_pb_divider][\/et_pb_column][\/et_pb_row][et_pb_row column_structure=&#8221;1_3,2_3&#8243; _builder_version=&#8221;4.27.5&#8243; _module_preset=&#8221;default&#8221; global_colors_info=&#8221;{}&#8221;][et_pb_column type=&#8221;1_3&#8243; _builder_version=&#8221;4.27.5&#8243; _module_preset=&#8221;default&#8221; global_colors_info=&#8221;{}&#8221;][et_pb_image src=&#8221;https:\/\/bcorpcoffee.org\/wp-content\/uploads\/2026\/02\/Malte-Hiekel-ViCAFE.jpg&#8221; title_text=&#8221;Malte Hiekel &#8211; ViCAFE&#8221; _builder_version=&#8221;4.27.5&#8243; _module_preset=&#8221;default&#8221; width_tablet=&#8221;30%&#8221; width_phone=&#8221;60%&#8221; width_last_edited=&#8221;on|phone&#8221; module_alignment=&#8221;left&#8221; module_alignment_tablet=&#8221;left&#8221; module_alignment_phone=&#8221;center&#8221; module_alignment_last_edited=&#8221;on|desktop&#8221; border_radii=&#8221;on|24px|24px|24px|24px&#8221; global_colors_info=&#8221;{}&#8221;][\/et_pb_image][\/et_pb_column][et_pb_column type=&#8221;2_3&#8243; _builder_version=&#8221;4.27.5&#8243; _module_preset=&#8221;default&#8221; global_colors_info=&#8221;{}&#8221;][et_pb_image src=&#8221;https:\/\/bcorpcoffee.org\/wp-content\/uploads\/2026\/02\/BCorpCoffeeCoalition-MembersLogo-ViCafe.png&#8221; title_text=&#8221;BCorpCoffeeCoalition-MembersLogo-ViCafe&#8221; url=&#8221;http:\/\/vicafe.ch&#8221; url_new_window=&#8221;on&#8221; _builder_version=&#8221;4.27.5&#8243; _module_preset=&#8221;default&#8221; width=&#8221;20%&#8221; width_tablet=&#8221;19%&#8221; width_phone=&#8221;44%&#8221; width_last_edited=&#8221;on|phone&#8221; global_colors_info=&#8221;{}&#8221;][\/et_pb_image][et_pb_text _builder_version=&#8221;4.27.5&#8243; _module_preset=&#8221;default&#8221; global_colors_info=&#8221;{}&#8221;]<\/p>\n<p><strong><a href=\"https:\/\/www.linkedin.com\/in\/malte-hiekel-0b1917119\/\" target=\"_blank\" rel=\"noopener\">Malte Hiekel<\/a>, Senior Sustainability Specialist<\/strong><\/p>\n<p><span style=\"font-weight: 400;\"><a href=\"https:\/\/www.bcorporation.net\/en-us\/find-a-b-corp\/company\/vicafe-espresso-bars-ag\/\" target=\"_blank\" rel=\"noopener\">ViCAFE<\/a> es una marca de caf\u00e9 de especialidad con sede en Z\u00farich. Operamos nuestra propia tostadora en el coraz\u00f3n de la ciudad, sirviendo a nuestra comunidad a trav\u00e9s de 18 Espresso Bars propios en Suiza. Crear momentos deliciosos y tranquilos y generar un impacto positivo para todos a lo largo del c\u00edrculo de valor del caf\u00e9 es nuestro principal objetivo.<\/span><\/p>\n<p>[\/et_pb_text][\/et_pb_column][\/et_pb_row][et_pb_row _builder_version=&#8221;4.27.5&#8243; _module_preset=&#8221;default&#8221; custom_margin=&#8221;0px||0px||false|false&#8221; global_colors_info=&#8221;{}&#8221;][et_pb_column type=&#8221;4_4&#8243; _builder_version=&#8221;4.27.5&#8243; _module_preset=&#8221;default&#8221; global_colors_info=&#8221;{}&#8221;][et_pb_divider color=&#8221;#DC663C&#8221; _builder_version=&#8221;4.27.5&#8243; _module_preset=&#8221;default&#8221; custom_margin=&#8221;0px||0px||false|false&#8221; custom_padding=&#8221;0px||0px||false|false&#8221; global_colors_info=&#8221;{}&#8221;][\/et_pb_divider][\/et_pb_column][\/et_pb_row][et_pb_row column_structure=&#8221;1_3,2_3&#8243; _builder_version=&#8221;4.27.5&#8243; _module_preset=&#8221;default&#8221; global_colors_info=&#8221;{}&#8221;][et_pb_column type=&#8221;1_3&#8243; _builder_version=&#8221;4.27.5&#8243; _module_preset=&#8221;default&#8221; global_colors_info=&#8221;{}&#8221;][et_pb_image src=&#8221;https:\/\/bcorpcoffee.org\/wp-content\/uploads\/2026\/03\/Devon-Barker-Cafe-Imports.jpg&#8221; alt=&#8221;a man standing in front of a purple wall&#8221; title_text=&#8221;Devon Barker &#8211; Cafe Imports&#8221; _builder_version=&#8221;4.27.5&#8243; _module_preset=&#8221;default&#8221; width_tablet=&#8221;30%&#8221; width_phone=&#8221;60%&#8221; width_last_edited=&#8221;on|phone&#8221; module_alignment=&#8221;left&#8221; module_alignment_tablet=&#8221;left&#8221; module_alignment_phone=&#8221;center&#8221; module_alignment_last_edited=&#8221;on|desktop&#8221; border_radii=&#8221;on|24px|24px|24px|24px&#8221; global_colors_info=&#8221;{}&#8221;][\/et_pb_image][\/et_pb_column][et_pb_column type=&#8221;2_3&#8243; _builder_version=&#8221;4.27.5&#8243; _module_preset=&#8221;default&#8221; global_colors_info=&#8221;{}&#8221;][et_pb_image src=&#8221;https:\/\/bcorpcoffee.org\/wp-content\/uploads\/2026\/02\/Cafe_Imports_Main_Logo_Black-1.png&#8221; title_text=&#8221;Cafe_Imports_Main_Logo_Black (1)&#8221; url=&#8221;https:\/\/www.cafeimports.com\/&#8221; url_new_window=&#8221;on&#8221; _builder_version=&#8221;4.27.5&#8243; _module_preset=&#8221;default&#8221; width=&#8221;20%&#8221; width_tablet=&#8221;19%&#8221; width_phone=&#8221;44%&#8221; width_last_edited=&#8221;on|phone&#8221; global_colors_info=&#8221;{}&#8221;][\/et_pb_image][et_pb_text _builder_version=&#8221;4.27.6&#8243; _module_preset=&#8221;default&#8221; global_colors_info=&#8221;{}&#8221;]<\/p>\n<p><strong><a href=\"https:\/\/www.linkedin.com\/in\/devonbbarker\/\" target=\"_blank\" rel=\"noopener\">Devon Barker<\/a>, Sustainability &amp; Stakeholder Engagement<\/strong><\/p>\n<p><span style=\"font-weight: 400;\">Desde 1993, <a href=\"https:\/\/www.bcorporation.net\/en-us\/find-a-b-corp\/company\/cafe-imports\/\" target=\"_blank\" rel=\"noopener\">Cafe Imports<\/a> ha estado importando caf\u00e9 verde de especialidad de alta calidad y construyendo relaciones a largo plazo con productores excepcionales y tostadores orientados a la calidad. Como empresa independiente y Certificada como Empresa B, estamos comprometidos con apoyar a los productores, compartir recursos educativos gratuitos y crear herramientas que fortalezcan la comunidad del caf\u00e9.<\/span><\/p>\n<p>[\/et_pb_text][\/et_pb_column][\/et_pb_row][et_pb_row _builder_version=&#8221;4.27.5&#8243; _module_preset=&#8221;default&#8221; custom_margin=&#8221;0px||0px||false|false&#8221; global_colors_info=&#8221;{}&#8221;][et_pb_column type=&#8221;4_4&#8243; _builder_version=&#8221;4.27.5&#8243; _module_preset=&#8221;default&#8221; global_colors_info=&#8221;{}&#8221;][et_pb_divider color=&#8221;#DC663C&#8221; _builder_version=&#8221;4.27.5&#8243; _module_preset=&#8221;default&#8221; custom_margin=&#8221;0px||0px||false|false&#8221; custom_padding=&#8221;0px||0px||false|false&#8221; global_colors_info=&#8221;{}&#8221;][\/et_pb_divider][\/et_pb_column][\/et_pb_row][et_pb_row column_structure=&#8221;1_3,2_3&#8243; _builder_version=&#8221;4.27.5&#8243; _module_preset=&#8221;default&#8221; global_colors_info=&#8221;{}&#8221;][et_pb_column type=&#8221;1_3&#8243; _builder_version=&#8221;4.27.5&#8243; _module_preset=&#8221;default&#8221; global_colors_info=&#8221;{}&#8221;][et_pb_image src=&#8221;https:\/\/bcorpcoffee.org\/wp-content\/uploads\/2026\/02\/PamelaChng-Bettr-casual-1.png&#8221; title_text=&#8221;PamelaChng-Bettr-casual&#8221; _builder_version=&#8221;4.27.5&#8243; _module_preset=&#8221;default&#8221; width_tablet=&#8221;30%&#8221; width_phone=&#8221;60%&#8221; width_last_edited=&#8221;on|phone&#8221; module_alignment=&#8221;left&#8221; module_alignment_tablet=&#8221;left&#8221; module_alignment_phone=&#8221;center&#8221; module_alignment_last_edited=&#8221;on|desktop&#8221; border_radii=&#8221;on|24px|24px|24px|24px&#8221; global_colors_info=&#8221;{}&#8221;][\/et_pb_image][\/et_pb_column][et_pb_column type=&#8221;2_3&#8243; _builder_version=&#8221;4.27.5&#8243; _module_preset=&#8221;default&#8221; global_colors_info=&#8221;{}&#8221;][et_pb_image src=&#8221;https:\/\/bcorpcoffee.org\/wp-content\/uploads\/2026\/02\/BETTRCOFFEE_LOGO_CMYK_COL_20221003_COFFEE-1-scaled.jpg&#8221; title_text=&#8221;BETTRCOFFEE_LOGO_CMYK_COL_20221003_COFFEE (1)&#8221; url=&#8221;http:\/\/bettr.coffee&#8221; url_new_window=&#8221;on&#8221; _builder_version=&#8221;4.27.5&#8243; _module_preset=&#8221;default&#8221; width=&#8221;20%&#8221; width_tablet=&#8221;19%&#8221; width_phone=&#8221;44%&#8221; width_last_edited=&#8221;on|phone&#8221; global_colors_info=&#8221;{}&#8221;][\/et_pb_image][et_pb_text _builder_version=&#8221;4.27.5&#8243; _module_preset=&#8221;default&#8221; global_colors_info=&#8221;{}&#8221;]<\/p>\n<p><strong><a href=\"https:\/\/www.linkedin.com\/in\/pamelachng\/\" target=\"_blank\" rel=\"noopener\">Pamela Chng<\/a>, Co-Founder<\/strong><\/p>\n<p><span style=\"font-weight: 400;\"><a href=\"https:\/\/www.bcorporation.net\/en-us\/find-a-b-corp\/company\/bettr-barista\/\" target=\"_blank\" rel=\"noopener\">Bettr Group<\/a> es un negocio social integrado que, durante m\u00e1s de una d\u00e9cada, ha estado usando los negocios como fuerza para el bien a trav\u00e9s de su rama educativa, Bettr Academy, y su marca minorista, Bettr Coffee. Ofrecen educaci\u00f3n profesional en bebidas, productos de caf\u00e9 de especialidad para venta minorista y mayorista, y servicios de eventos a gran escala para empresas. Tambi\u00e9n operan cafeter\u00edas propias en Singapur, utilizando su presencia para impulsar cambios ambientales y sociales positivos en todo lo que hacen, generando oportunidades para comunidades a lo largo de la cadena de valor del caf\u00e9 de manera segura e inclusiva.<\/span><\/p>\n<p>[\/et_pb_text][\/et_pb_column][\/et_pb_row][et_pb_row _builder_version=&#8221;4.27.5&#8243; _module_preset=&#8221;default&#8221; custom_margin=&#8221;0px||0px||false|false&#8221; global_colors_info=&#8221;{}&#8221;][et_pb_column type=&#8221;4_4&#8243; _builder_version=&#8221;4.27.5&#8243; _module_preset=&#8221;default&#8221; global_colors_info=&#8221;{}&#8221;][et_pb_divider color=&#8221;#DC663C&#8221; _builder_version=&#8221;4.27.5&#8243; _module_preset=&#8221;default&#8221; custom_margin=&#8221;0px||0px||false|false&#8221; custom_padding=&#8221;0px||0px||false|false&#8221; global_colors_info=&#8221;{}&#8221;][\/et_pb_divider][\/et_pb_column][\/et_pb_row][et_pb_row column_structure=&#8221;1_3,2_3&#8243; _builder_version=&#8221;4.27.5&#8243; _module_preset=&#8221;default&#8221; global_colors_info=&#8221;{}&#8221;][et_pb_column type=&#8221;1_3&#8243; _builder_version=&#8221;4.27.5&#8243; _module_preset=&#8221;default&#8221; global_colors_info=&#8221;{}&#8221;][et_pb_image src=&#8221;https:\/\/bcorpcoffee.org\/wp-content\/uploads\/2026\/02\/Lindy-Brogaard-_-CleverCoffee_1-scaled.jpg&#8221; title_text=&#8221;Lindy Brogaard _ CleverCoffee_1&#8243; _builder_version=&#8221;4.27.5&#8243; _module_preset=&#8221;default&#8221; width_tablet=&#8221;30%&#8221; width_phone=&#8221;60%&#8221; width_last_edited=&#8221;on|phone&#8221; module_alignment=&#8221;left&#8221; module_alignment_tablet=&#8221;left&#8221; module_alignment_phone=&#8221;center&#8221; module_alignment_last_edited=&#8221;on|desktop&#8221; border_radii=&#8221;on|24px|24px|24px|24px&#8221; global_colors_info=&#8221;{}&#8221;][\/et_pb_image][\/et_pb_column][et_pb_column type=&#8221;2_3&#8243; _builder_version=&#8221;4.27.5&#8243; _module_preset=&#8221;default&#8221; global_colors_info=&#8221;{}&#8221;][et_pb_image src=&#8221;https:\/\/bcorpcoffee.org\/wp-content\/uploads\/2026\/02\/CleverCoffee_international.png&#8221; title_text=&#8221;CleverCoffee_international&#8221; url=&#8221;https:\/\/clevercoffee.dk\/en&#8221; url_new_window=&#8221;on&#8221; _builder_version=&#8221;4.27.5&#8243; _module_preset=&#8221;default&#8221; width=&#8221;30%&#8221; width_tablet=&#8221;19%&#8221; width_phone=&#8221;44%&#8221; width_last_edited=&#8221;on|tablet&#8221; global_colors_info=&#8221;{}&#8221;][\/et_pb_image][et_pb_text _builder_version=&#8221;4.27.5&#8243; _module_preset=&#8221;default&#8221; global_colors_info=&#8221;{}&#8221;]<\/p>\n<p><strong><a href=\"https:\/\/www.linkedin.com\/in\/lindybrogaard\/\" target=\"_blank\" rel=\"noopener\">Lindy Brogaard<\/a>, Head of Coffee &amp; Partner<\/strong><\/p>\n<p><span style=\"font-weight: 400;\"><a href=\"https:\/\/www.bcorporation.net\/en-us\/find-a-b-corp\/company\/clever-coffee\/\" target=\"_blank\" rel=\"noopener\">CleverCoffee<\/a> es una tostadur\u00eda de caf\u00e9 full-service danesa trabajando para crear m\u00e1s transparencia y aliviar la pobreza. Apoyamos a negocios de hospitalidad, oficinas y consumidores con configuraciones completas de caf\u00e9 y un excelente servicio. A trav\u00e9s de relaciones de largo plazo con productores e Informes de Transparencia anuales, buscamos impulsar cambios duraderos en un sector marcado por la remuneraci\u00f3n insuficiente. Una taza a la vez, estamos trabajando para mover el caf\u00e9 en una mejor direcci\u00f3n.<\/span><\/p>\n<p>[\/et_pb_text][\/et_pb_column][\/et_pb_row][et_pb_row _builder_version=&#8221;4.27.5&#8243; _module_preset=&#8221;default&#8221; custom_margin=&#8221;0px||0px||false|false&#8221; global_colors_info=&#8221;{}&#8221;][et_pb_column type=&#8221;4_4&#8243; _builder_version=&#8221;4.27.5&#8243; _module_preset=&#8221;default&#8221; global_colors_info=&#8221;{}&#8221;][et_pb_divider color=&#8221;#DC663C&#8221; _builder_version=&#8221;4.27.5&#8243; _module_preset=&#8221;default&#8221; custom_margin=&#8221;0px||0px||false|false&#8221; custom_padding=&#8221;0px||0px||false|false&#8221; global_colors_info=&#8221;{}&#8221;][\/et_pb_divider][\/et_pb_column][\/et_pb_row][et_pb_row column_structure=&#8221;1_3,2_3&#8243; _builder_version=&#8221;4.27.5&#8243; _module_preset=&#8221;default&#8221; global_colors_info=&#8221;{}&#8221;][et_pb_column type=&#8221;1_3&#8243; _builder_version=&#8221;4.27.5&#8243; _module_preset=&#8221;default&#8221; global_colors_info=&#8221;{}&#8221;][et_pb_image src=&#8221;https:\/\/bcorpcoffee.org\/wp-content\/uploads\/2026\/02\/Nick-Percy-Nomad-Coffee-Group.jpg&#8221; title_text=&#8221;Nick Percy &#8211; Nomad Coffee Group&#8221; _builder_version=&#8221;4.27.5&#8243; _module_preset=&#8221;default&#8221; width_tablet=&#8221;30%&#8221; width_phone=&#8221;60%&#8221; width_last_edited=&#8221;on|phone&#8221; module_alignment=&#8221;left&#8221; module_alignment_tablet=&#8221;left&#8221; module_alignment_phone=&#8221;center&#8221; module_alignment_last_edited=&#8221;on|desktop&#8221; border_radii=&#8221;on|24px|24px|24px|24px&#8221; global_colors_info=&#8221;{}&#8221;][\/et_pb_image][\/et_pb_column][et_pb_column type=&#8221;2_3&#8243; _builder_version=&#8221;4.27.5&#8243; _module_preset=&#8221;default&#8221; global_colors_info=&#8221;{}&#8221;][et_pb_image src=&#8221;https:\/\/bcorpcoffee.org\/wp-content\/uploads\/2026\/02\/BCorpCoffeeCoalition-MembersLogo-NomadCoffeeGroup.png&#8221; title_text=&#8221;BCorpCoffeeCoalition-MembersLogo-NomadCoffeeGroup&#8221; url=&#8221;https:\/\/www.nomadcoffeegroup.com.au\/&#8221; url_new_window=&#8221;on&#8221; _builder_version=&#8221;4.27.6&#8243; _module_preset=&#8221;default&#8221; width=&#8221;58%&#8221; width_tablet=&#8221;61%&#8221; width_phone=&#8221;61%&#8221; width_last_edited=&#8221;on|phone&#8221; global_colors_info=&#8221;{}&#8221;][\/et_pb_image][et_pb_text _builder_version=&#8221;4.27.6&#8243; _module_preset=&#8221;default&#8221; global_colors_info=&#8221;{}&#8221;]<\/p>\n<p><strong><a href=\"https:\/\/www.linkedin.com\/in\/nick-percy-03702652\/\" target=\"_blank\" rel=\"noopener\">Nick Percy<\/a>, Group Sustainability Manager<\/strong><\/p>\n<p><span style=\"font-weight: 400;\"><a href=\"https:\/\/www.bcorporation.net\/en-us\/find-a-b-corp\/company\/nomad-coffee-group-pty-ltd\/\" target=\"_blank\" rel=\"noopener\">Nomad Coffee Group<\/a> es un conjunto de negocios de caf\u00e9 con valores afines, operando en Australia y Aotearoa\/Nueva Zelanda. Nuestras marcas incluyen Flight Coffee, Veneziano Coffee Roasters, Blend Co, Coffee Hit, Sourced Coffee y nuestra rama de tostado por contrato: Black Bag Roasters.<\/span><\/p>\n<p>[\/et_pb_text][\/et_pb_column][\/et_pb_row][et_pb_row _builder_version=&#8221;4.27.5&#8243; _module_preset=&#8221;default&#8221; custom_margin=&#8221;0px||0px||false|false&#8221; global_colors_info=&#8221;{}&#8221;][et_pb_column type=&#8221;4_4&#8243; _builder_version=&#8221;4.27.5&#8243; _module_preset=&#8221;default&#8221; global_colors_info=&#8221;{}&#8221;][et_pb_divider color=&#8221;#DC663C&#8221; _builder_version=&#8221;4.27.5&#8243; _module_preset=&#8221;default&#8221; custom_margin=&#8221;0px||0px||false|false&#8221; custom_padding=&#8221;0px||0px||false|false&#8221; global_colors_info=&#8221;{}&#8221;][\/et_pb_divider][\/et_pb_column][\/et_pb_row][et_pb_row column_structure=&#8221;1_3,2_3&#8243; _builder_version=&#8221;4.27.5&#8243; _module_preset=&#8221;default&#8221; global_colors_info=&#8221;{}&#8221;][et_pb_column type=&#8221;1_3&#8243; _builder_version=&#8221;4.27.5&#8243; _module_preset=&#8221;default&#8221; global_colors_info=&#8221;{}&#8221;][et_pb_image src=&#8221;https:\/\/bcorpcoffee.org\/wp-content\/uploads\/2026\/03\/Ritesh-Profile-.jpg&#8221; title_text=&#8221;Ritesh &#8211; Profile&#8221; _builder_version=&#8221;4.27.6&#8243; _module_preset=&#8221;default&#8221; width_tablet=&#8221;30%&#8221; width_phone=&#8221;60%&#8221; width_last_edited=&#8221;on|phone&#8221; module_alignment=&#8221;left&#8221; module_alignment_tablet=&#8221;left&#8221; module_alignment_phone=&#8221;center&#8221; module_alignment_last_edited=&#8221;on|desktop&#8221; border_radii=&#8221;on|24px|24px|24px|24px&#8221; global_colors_info=&#8221;{}&#8221;][\/et_pb_image][\/et_pb_column][et_pb_column type=&#8221;2_3&#8243; _builder_version=&#8221;4.27.5&#8243; _module_preset=&#8221;default&#8221; global_colors_info=&#8221;{}&#8221;][et_pb_image src=&#8221;https:\/\/bcorpcoffee.org\/wp-content\/uploads\/2026\/02\/BCorpCoffeeCoalition-MembersLogo-SprintValleyCoffee.png&#8221; title_text=&#8221;BCorpCoffeeCoalition-MembersLogo-SprintValleyCoffee&#8221; url=&#8221;https:\/\/www.springvalleycoffee.com\/&#8221; url_new_window=&#8221;on&#8221; _builder_version=&#8221;4.27.5&#8243; _module_preset=&#8221;default&#8221; width=&#8221;20%&#8221; width_tablet=&#8221;19%&#8221; width_phone=&#8221;44%&#8221; width_last_edited=&#8221;on|phone&#8221; global_colors_info=&#8221;{}&#8221;][\/et_pb_image][et_pb_text _builder_version=&#8221;4.27.6&#8243; _module_preset=&#8221;default&#8221; global_colors_info=&#8221;{}&#8221;]<\/p>\n<p><strong><a href=\"https:\/\/www.linkedin.com\/in\/riteshdoshisvc\/\" target=\"_blank\" rel=\"noopener\"><span>Ritesh Doshi<\/span><\/a>, <span>CEO de Spring Valley Coffee<\/span><\/strong><\/p>\n<p><span style=\"font-weight: 400;\">Fundada en 2009 en un barrio de Nairobi reconocido por sus haciendas cafeteras, <a href=\"https:\/\/www.bcorporation.net\/en-us\/find-a-b-corp\/company\/spring-valley-coffee-roasters-limited\/\" target=\"_blank\" rel=\"noopener\">Spring Valley Coffee<\/a> es la tostadora pionera de caf\u00e9 de especialidad de Kenia. Selecciona caf\u00e9s kenianos \u00fanicos y los tuesta en peque\u00f1os lotes en origen. Con nueve cafeter\u00edas en Kenia y una en Londres, atiende a clientes en sus propios espacios y apoya a socios de hospitalidad. Tostar en origen mantiene m\u00e1s valor en Kenia, generando oportunidades para productores y comunidades locales.<\/span><\/p>\n<p>[\/et_pb_text][\/et_pb_column][\/et_pb_row][\/et_pb_section][et_pb_section fb_built=&#8221;1&#8243; _builder_version=&#8221;4.27.5&#8243; _module_preset=&#8221;default&#8221; global_colors_info=&#8221;{}&#8221;][et_pb_row _builder_version=&#8221;4.27.5&#8243; _module_preset=&#8221;default&#8221; global_colors_info=&#8221;{}&#8221;][et_pb_column type=&#8221;4_4&#8243; _builder_version=&#8221;4.27.5&#8243; _module_preset=&#8221;default&#8221; global_colors_info=&#8221;{}&#8221;][et_pb_heading title=&#8221;Nuestros valores compartidos&#8221; _builder_version=&#8221;4.27.5&#8243; _module_preset=&#8221;default&#8221; title_level=&#8221;h2&#8243; title_text_align=&#8221;center&#8221; global_colors_info=&#8221;{}&#8221;][\/et_pb_heading][et_pb_text _builder_version=&#8221;4.27.5&#8243; _module_preset=&#8221;default&#8221; global_colors_info=&#8221;{}&#8221;]<\/p>\n<p><span style=\"font-weight: 400;\">La B Corp Coffee Coalition se construye sobre colaboraci\u00f3n, integridad y un compromiso compartido para mejorar el sector cafetero. Nuestros miembros se gu\u00edan por los siguientes principios:<\/span><\/p>\n<p>[\/et_pb_text][\/et_pb_column][\/et_pb_row][et_pb_row column_structure=&#8221;1_2,1_2&#8243; _builder_version=&#8221;4.27.5&#8243; _module_preset=&#8221;default&#8221; global_colors_info=&#8221;{}&#8221;][et_pb_column type=&#8221;1_2&#8243; _builder_version=&#8221;4.27.5&#8243; _module_preset=&#8221;default&#8221; global_colors_info=&#8221;{}&#8221;][et_pb_text _builder_version=&#8221;4.27.5&#8243; _module_preset=&#8221;default&#8221; module_alignment=&#8221;center&#8221; global_colors_info=&#8221;{}&#8221;]<\/p>\n<ul>\n<li style=\"font-weight: 400;\" aria-level=\"1\"><b>Honestidad y transparencia<\/b><b><br \/><\/b><span style=\"font-weight: 400;\"> Actuamos con integridad, divulgamos conflictos de inter\u00e9s y avanzamos el trabajo de la coalici\u00f3n de manera abierta e imparcial.<\/span><\/li>\n<\/ul>\n<p><span style=\"font-weight: 400;\"><\/span><\/p>\n<ul>\n<li style=\"font-weight: 400;\" aria-level=\"1\"><b>Respeto<\/b><b><br \/><\/b><span style=\"font-weight: 400;\"> Escuchamos activamente, valoramos diferentes perspectivas y creamos un espacio donde todos pueden contribuir con confianza y apertura.<\/span><\/li>\n<\/ul>\n<p><span style=\"font-weight: 400;\"><\/span><\/p>\n<p><span style=\"font-weight: 400;\"><\/span><\/p>\n<ul>\n<li style=\"font-weight: 400;\" aria-level=\"1\"><b>Participaci\u00f3n<\/b><b><br \/><\/b><span style=\"font-weight: 400;\"> Los miembros participan activamente, llegan preparados y aportan su experiencia para desarrollar soluciones pr\u00e1cticas a desaf\u00edos compartidos.<\/span><\/li>\n<\/ul>\n<ul><\/ul>\n<p>[\/et_pb_text][\/et_pb_column][et_pb_column type=&#8221;1_2&#8243; _builder_version=&#8221;4.27.5&#8243; _module_preset=&#8221;default&#8221; global_colors_info=&#8221;{}&#8221;][et_pb_text _builder_version=&#8221;4.27.5&#8243; _module_preset=&#8221;default&#8221; ul_text_align=&#8221;left&#8221; module_alignment=&#8221;center&#8221; global_colors_info=&#8221;{}&#8221; ul_line_height__hover_enabled=&#8221;on|desktop&#8221;]<\/p>\n<ul>\n<li style=\"font-weight: 400;\" aria-level=\"1\"><b>Confidencialidad y confianza<\/b><b><br \/><\/b><span style=\"font-weight: 400;\"> Respetamos la confidencialidad de la informaci\u00f3n compartida y hablamos desde nuestras propias experiencias protegiendo la confianza dentro de la coalici\u00f3n.<\/span><\/li>\n<\/ul>\n<p><span style=\"font-weight: 400;\"><\/span><\/p>\n<ul>\n<li style=\"font-weight: 400;\" aria-level=\"1\"><b>Colaboraci\u00f3n<\/b><b><br \/><\/b><span style=\"font-weight: 400;\"> Trabajamos juntos para construir consenso, compartir conocimiento y representar los intereses colectivos de la coalici\u00f3n.<\/span><\/li>\n<\/ul>\n<p><span style=\"font-weight: 400;\"><\/span><\/p>\n<p><span style=\"font-weight: 400;\"><\/span><\/p>\n<ul>\n<li style=\"font-weight: 400;\" aria-level=\"1\"><b>Apoyo y defensa<br \/><\/b>Juntos, promovemos la misi\u00f3n y prioridades de la coalici\u00f3n, ayudando a impulsar un cambio positivo en toda la industria del caf\u00e9.<\/li>\n<\/ul>\n<p>[\/et_pb_text][\/et_pb_column][\/et_pb_row][et_pb_row _builder_version=&#8221;4.27.5&#8243; _module_preset=&#8221;default&#8221; global_colors_info=&#8221;{}&#8221;][et_pb_column type=&#8221;4_4&#8243; _builder_version=&#8221;4.27.5&#8243; _module_preset=&#8221;default&#8221; global_colors_info=&#8221;{}&#8221;][et_pb_heading title=&#8221;Consejo de Supervisi\u00f3n&#8221; _builder_version=&#8221;4.27.5&#8243; _module_preset=&#8221;default&#8221; title_level=&#8221;h2&#8243; title_text_align=&#8221;center&#8221; global_colors_info=&#8221;{}&#8221;][\/et_pb_heading][et_pb_text _builder_version=&#8221;4.27.5&#8243; _module_preset=&#8221;default&#8221; global_colors_info=&#8221;{}&#8221;]<\/p>\n<p><span style=\"font-weight: 400;\">La coalici\u00f3n se rige por un Consejo de Supervisi\u00f3n responsable de la supervisi\u00f3n estrat\u00e9gica y del alineamiento con la misi\u00f3n y los valores de la coalici\u00f3n. Durante sus dos primeros a\u00f1os, este rol estar\u00e1 a cargo de los miembros fundadores. Tras ese per\u00edodo, el Consejo de Supervisi\u00f3n ser\u00e1 reelegido por los miembros, guiado por principios de representaci\u00f3n de g\u00e9nero, distribuci\u00f3n geogr\u00e1fica y representaci\u00f3n sectorial, asegurando que la gobernanza de la coalici\u00f3n siga reflejando la diversidad y amplitud del c\u00edrculo de valor global del caf\u00e9.<\/span><\/p>\n<p>[\/et_pb_text][\/et_pb_column][\/et_pb_row][\/et_pb_section][et_pb_section fb_built=&#8221;1&#8243; _builder_version=&#8221;4.27.5&#8243; _module_preset=&#8221;default&#8221; background_color=&#8221;#dc663c&#8221; global_colors_info=&#8221;{}&#8221;][et_pb_row column_structure=&#8221;1_2,1_2&#8243; _builder_version=&#8221;4.27.5&#8243; _module_preset=&#8221;default&#8221; global_colors_info=&#8221;{}&#8221;][et_pb_column type=&#8221;1_2&#8243; _builder_version=&#8221;4.27.5&#8243; _module_preset=&#8221;default&#8221; global_colors_info=&#8221;{}&#8221;][et_pb_image src=&#8221;https:\/\/bcorpcoffee.org\/wp-content\/uploads\/2026\/04\/Veneziano-Panama-scaled.jpg&#8221; title_text=&#8221;Veneziano Panama&#8221; _builder_version=&#8221;4.27.6&#8243; _module_preset=&#8221;default&#8221; border_radii=&#8221;on|24px|24px|24px|24px&#8221; global_colors_info=&#8221;{}&#8221;][\/et_pb_image][\/et_pb_column][et_pb_column type=&#8221;1_2&#8243; _builder_version=&#8221;4.27.5&#8243; _module_preset=&#8221;default&#8221; global_colors_info=&#8221;{}&#8221;][et_pb_text _builder_version=&#8221;4.27.5&#8243; _module_preset=&#8221;default&#8221; text_text_color=&#8221;#FFFFFF&#8221; header_2_text_color=&#8221;#FFFFFF&#8221; custom_margin=&#8221;||25px||false|false&#8221; global_colors_info=&#8221;{}&#8221;]<\/p>\n<h2><span data-metadata=\"&lt;!--(figmeta)eyJmaWxlS2V5IjoiRjRTb1F2U2drME5BT3hpUHVBVVhpayIsInBhc3RlSUQiOjE2MjM2MDcwOTYsImRhdGFUeXBlIjoic2NlbmUifQo=(\/figmeta)--&gt;\"><\/span>\u00bfEst\u00e1s considerando unirte a la coalici\u00f3n?<\/h2>\n<p><span data-metadata=\"&lt;!--(figmeta)eyJmaWxlS2V5IjoiRjRTb1F2U2drME5BT3hpUHVBVVhpayIsInBhc3RlSUQiOjE5NDg0NjExMCwiZGF0YVR5cGUiOiJzY2VuZSJ9Cg==(\/figmeta)--&gt;\"><\/span>Nos encantar\u00eda recibirte. \u00danete a nuestra llamada abierta de preguntas y respuestas el 30 de abril para aprender m\u00e1s y aclarar cualquier duda.<\/p>\n<p>[\/et_pb_text][et_pb_button button_url=&#8221;https:\/\/blabswitzerland.zohobackstage.eu\/BCorpCoffeeCoalitionOpenQA#\/&#8221; url_new_window=&#8221;on&#8221; button_text=&#8221;Asiste a las preguntas y respuestas abiertas&#8221; button_alignment=&#8221;left&#8221; _builder_version=&#8221;4.27.5&#8243; _module_preset=&#8221;default&#8221; custom_margin=&#8221;||15px||false|false&#8221; global_colors_info=&#8221;{}&#8221;][\/et_pb_button][et_pb_button button_url=&#8221;\/join-us&#8221; url_new_window=&#8221;on&#8221; button_text=&#8221;\u00danete a la coalici\u00f3n&#8221; button_alignment=&#8221;left&#8221; _builder_version=&#8221;4.27.6&#8243; _module_preset=&#8221;default&#8221; custom_button=&#8221;on&#8221; button_bg_color=&#8221;#FFFFFF&#8221; button_border_width=&#8221;0px&#8221; button_border_color=&#8221;#FBD4DA&#8221; global_colors_info=&#8221;{}&#8221;][\/et_pb_button][\/et_pb_column][\/et_pb_row][\/et_pb_section][et_pb_section fb_built=&#8221;1&#8243; _builder_version=&#8221;4.27.5&#8243; _module_preset=&#8221;default&#8221; background_color=&#8221;#000000&#8243; global_colors_info=&#8221;{}&#8221;][et_pb_row column_structure=&#8221;1_3,1_3,1_3&#8243; _builder_version=&#8221;4.27.5&#8243; _module_preset=&#8221;default&#8221; global_colors_info=&#8221;{}&#8221;][et_pb_column type=&#8221;1_3&#8243; _builder_version=&#8221;4.27.5&#8243; _module_preset=&#8221;default&#8221; global_colors_info=&#8221;{}&#8221;][et_pb_image src=&#8221;https:\/\/bcorpcoffee.org\/wp-content\/uploads\/2026\/02\/Logo-BCorpCoffeeCoalition-white.png&#8221; title_text=&#8221;Logo-BCorpCoffeeCoalition-white&#8221; _builder_version=&#8221;4.27.5&#8243; _module_preset=&#8221;default&#8221; global_colors_info=&#8221;{}&#8221;][\/et_pb_image][\/et_pb_column][et_pb_column type=&#8221;1_3&#8243; _builder_version=&#8221;4.27.5&#8243; _module_preset=&#8221;default&#8221; global_colors_info=&#8221;{}&#8221;][et_pb_menu menu_style=&#8221;centered&#8221; submenu_direction=&#8221;upwards&#8221; active_link_color=&#8221;#FFC20E&#8221; dropdown_menu_bg_color=&#8221;#000000&#8243; dropdown_menu_line_color=&#8221;#000000&#8243; dropdown_menu_active_link_color=&#8221;#FFC20E&#8221; mobile_menu_bg_color=&#8221;#000000&#8243; mobile_menu_text_color=&#8221;#FFFFFF&#8221; _builder_version=&#8221;4.27.5&#8243; _module_preset=&#8221;default&#8221; menu_font=&#8221;|700|||||||&#8221; menu_text_color=&#8221;#FFFFFF&#8221; background_enable_color=&#8221;off&#8221; global_colors_info=&#8221;{}&#8221;][\/et_pb_menu][\/et_pb_column][et_pb_column type=&#8221;1_3&#8243; _builder_version=&#8221;4.27.5&#8243; _module_preset=&#8221;default&#8221; global_colors_info=&#8221;{}&#8221;][et_pb_button button_url=&#8221;\/join-us&#8221; url_new_window=&#8221;on&#8221; button_text=&#8221;\u00danete a la coalici\u00f3n&#8221; _builder_version=&#8221;4.27.6&#8243; _module_preset=&#8221;default&#8221; custom_margin=&#8221;||15px||false|false&#8221; global_colors_info=&#8221;{}&#8221;][\/et_pb_button][et_pb_button button_url=&#8221;https:\/\/docs.google.com\/forms\/d\/e\/1FAIpQLSdA5r9YdePJRaYVPxSGzWt3KaGvFh_AHnbW10oZWxHl369Fkg\/viewform&#8221; button_text=&#8221;Cont\u00e1ctanos&#8221; button_alignment=&#8221;left&#8221; _builder_version=&#8221;4.27.6&#8243; _module_preset=&#8221;default&#8221; custom_button=&#8221;on&#8221; button_bg_color=&#8221;#FFFFFF&#8221; button_border_width=&#8221;0px&#8221; button_border_color=&#8221;#FBD4DA&#8221; locked=&#8221;off&#8221; global_colors_info=&#8221;{}&#8221;][\/et_pb_button][\/et_pb_column][\/et_pb_row][\/et_pb_section]<\/p>\n","protected":false},"excerpt":{"rendered":"<p>Fundada por Empresas B de caf\u00e9 en todo el mundoLa coalici\u00f3n fue iniciada por un grupo de Empresas B Certificadas del sector cafetero que se unieron para intercambiar mejores pr\u00e1cticas y aprender unos de otros. Lo que surgi\u00f3 de estas primeras conversaciones fue un entendimiento compartido de que muchos de los problemas que dan forma [&hellip;]<\/p>\n","protected":false},"author":3,"featured_media":0,"parent":0,"menu_order":0,"comment_status":"closed","ping_status":"closed","template":"","meta":{"_et_pb_use_builder":"on","_et_pb_old_content":"","_et_gb_content_width":"","footnotes":""},"class_list":["post-505","page","type-page","status-publish","hentry"],"_links":{"self":[{"href":"https:\/\/bcorpcoffee.org\/es\/wp-json\/wp\/v2\/pages\/505","targetHints":{"allow":["GET"]}}],"collection":[{"href":"https:\/\/bcorpcoffee.org\/es\/wp-json\/wp\/v2\/pages"}],"about":[{"href":"https:\/\/bcorpcoffee.org\/es\/wp-json\/wp\/v2\/types\/page"}],"author":[{"embeddable":true,"href":"https:\/\/bcorpcoffee.org\/es\/wp-json\/wp\/v2\/users\/3"}],"replies":[{"embeddable":true,"href":"https:\/\/bcorpcoffee.org\/es\/wp-json\/wp\/v2\/comments?post=505"}],"version-history":[{"count":5,"href":"https:\/\/bcorpcoffee.org\/es\/wp-json\/wp\/v2\/pages\/505\/revisions"}],"predecessor-version":[{"id":568,"href":"https:\/\/bcorpcoffee.org\/es\/wp-json\/wp\/v2\/pages\/505\/revisions\/568"}],"wp:attachment":[{"href":"https:\/\/bcorpcoffee.org\/es\/wp-json\/wp\/v2\/media?parent=505"}],"curies":[{"name":"wp","href":"https:\/\/api.w.org\/{rel}","templated":true}]}}